{"id":6383,"date":"2026-01-30T14:57:38","date_gmt":"2026-01-30T14:57:38","guid":{"rendered":"https:\/\/etudiantscanadiens.org\/?page_id=6383"},"modified":"2026-03-30T17:44:27","modified_gmt":"2026-03-30T17:44:27","slug":"centenary","status":"publish","type":"page","link":"https:\/\/etudiantscanadiens.org\/en\/centenary\/","title":{"rendered":"100th"},"content":{"rendered":"\n<div style=\"height:37px\" aria-hidden=\"true\" class=\"wp-block-spacer\"><\/div>\n\n\n\n<div class=\"wp-block-image\"><figure class=\"aligncenter size-full is-resized\"><img src=\"https:\/\/etudiantscanadiens.org\/app\/uploads\/2026\/01\/header-en-multi.png\" alt=\"\" class=\"wp-image-6646\" width=\"602\" height=\"505\" srcset=\"https:\/\/etudiantscanadiens.org\/app\/uploads\/2026\/01\/header-en-multi.png 940w, https:\/\/etudiantscanadiens.org\/app\/uploads\/2026\/01\/header-en-multi-300x251.png 300w, https:\/\/etudiantscanadiens.org\/app\/uploads\/2026\/01\/header-en-multi-768x644.png 768w\" sizes=\"(max-width: 602px) 100vw, 602px\" \/><\/figure><\/div>\n\n\n\n<div style=\"height:100px\" aria-hidden=\"true\" class=\"wp-block-spacer\"><\/div>\n\n\n\n<div class=\"mec__page-menu-wrapper\">\n    \n    <div class=\"container\">\n\n    <nav class=\"mec__page-menu--toggle\">\n        <a href=\"#\">\n        Go directly to:        <img src=\"https:\/\/etudiantscanadiens.org\/app\/themes\/mec_theme\/assets\/images\/page-menu-dropdown.svg \">\n        <\/a>\n    <\/nav>\n\n\n        <ul class=\"mec__page-menu\">\n                                    <li class=\"mec__page-menu-item\">\n                    <a href=\"#ambassador-speech\"> Canadian Ambassador&#8217;s Speech <\/a>\n                    <\/li>\n                                    <li class=\"mec__page-menu-item\">\n                    <a href=\"#program\"> Program <\/a>\n                    <\/li>\n                                    <li class=\"mec__page-menu-item\">\n                    <a href=\"#centenary-news\"> Centenary News <\/a>\n                    <\/li>\n                            <\/ul>\n    <\/div>\n      \n<\/div>\n        \n\n\n\n\n\n<div style=\"height:55px\" aria-hidden=\"true\" class=\"wp-block-spacer\"><\/div>\n\n\n\n<hr class=\"wp-block-separator\"\/>\n\n\n\n<div style=\"height:30px\" aria-hidden=\"true\" class=\"wp-block-spacer\"><\/div>\n\n\n\n<h2 class=\"has-text-align-center\">Discover Our Story<\/h2>\n\n\n\n<div style=\"height:61px\" aria-hidden=\"true\" class=\"wp-block-spacer\"><\/div>\n\n\n\n<div class=\"wp-block-image\"><figure class=\"aligncenter size-full\"><a href=\"https:\/\/youtu.be\/QosNdEXqQNE?si=6fmFBiuLj2shkmpQ\"><img width=\"768\" height=\"512\" src=\"https:\/\/etudiantscanadiens.org\/app\/uploads\/2026\/02\/images-actualites-768-x-512-px-1.png\" alt=\"\" class=\"wp-image-6862\" srcset=\"https:\/\/etudiantscanadiens.org\/app\/uploads\/2026\/02\/images-actualites-768-x-512-px-1.png 768w, https:\/\/etudiantscanadiens.org\/app\/uploads\/2026\/02\/images-actualites-768-x-512-px-1-300x200.png 300w\" sizes=\"(max-width: 768px) 100vw, 768px\" \/><\/a><\/figure><\/div>\n\n\n\n<div style=\"height:61px\" aria-hidden=\"true\" class=\"wp-block-spacer\"><\/div>\n\n\n\n<hr class=\"wp-block-separator is-style-default\"\/>\n\n\n\n<div style=\"height:33px\" aria-hidden=\"true\" class=\"wp-block-spacer\"><\/div>\n\n\n\n<h2 class=\"has-text-align-center\">    Over the Past 100 Years, There Have Been \u2026<\/h2>\n\n\n\n<div class=\"wp-block-image\"><figure class=\"aligncenter size-full\"><img width=\"768\" height=\"250\" src=\"https:\/\/etudiantscanadiens.org\/app\/uploads\/2026\/01\/statistiques-centenaire-eng.png\" alt=\"\" class=\"wp-image-6508\" srcset=\"https:\/\/etudiantscanadiens.org\/app\/uploads\/2026\/01\/statistiques-centenaire-eng.png 768w, https:\/\/etudiantscanadiens.org\/app\/uploads\/2026\/01\/statistiques-centenaire-eng-300x98.png 300w\" sizes=\"(max-width: 768px) 100vw, 768px\" \/><\/figure><\/div>\n\n\n\n<p><\/p>\n\n\n\n<hr class=\"wp-block-separator\"\/>\n\n\n\n<div class=\"wp-block-image\"><figure class=\"aligncenter size-full is-resized\"><img src=\"https:\/\/etudiantscanadiens.org\/app\/uploads\/2025\/12\/evolution-des-logos-1.png\" alt=\"\" class=\"wp-image-6158\" width=\"701\" height=\"228\" srcset=\"https:\/\/etudiantscanadiens.org\/app\/uploads\/2025\/12\/evolution-des-logos-1.png 768w, https:\/\/etudiantscanadiens.org\/app\/uploads\/2025\/12\/evolution-des-logos-1-300x98.png 300w\" sizes=\"(max-width: 701px) 100vw, 701px\" \/><\/figure><\/div>\n\n\n\n<div style=\"height:74px\" aria-hidden=\"true\" class=\"wp-block-spacer\"><\/div>\n\n\n\n<h2 class=\"has-text-align-center\" id=\"ambassador-speech\">Canadian Ambassador\u2019s Speech<\/h2>\n\n\n\n<div style=\"height:22px\" aria-hidden=\"true\" class=\"wp-block-spacer\"><\/div>\n\n\n\n<p class=\"has-primary-light-color has-primary-rouge-background-color has-text-color has-background has-inter-18-bold-font-size\"><strong>His Excellency Mr. St\u00e9phane Dion, Canadian Ambassador to France and President of the National Foundation, offers a few words about the House and this milestone centenary celebration<\/strong> :<\/p>\n\n\n\n<div class=\"wp-block-columns has-secondary-light-background-color has-background\">\n<div class=\"wp-block-column\" style=\"flex-basis:66.66%\">\n<figure class=\"wp-block-image size-full\"><a href=\"https:\/\/youtu.be\/h2I6llX-Zow?si=9d6VvAXvXCkhoaBv\"><img width=\"768\" height=\"512\" src=\"https:\/\/etudiantscanadiens.org\/app\/uploads\/2025\/12\/discours-stephane-dion.png\" alt=\"\" class=\"wp-image-6146\" srcset=\"https:\/\/etudiantscanadiens.org\/app\/uploads\/2025\/12\/discours-stephane-dion.png 768w, https:\/\/etudiantscanadiens.org\/app\/uploads\/2025\/12\/discours-stephane-dion-300x200.png 300w\" sizes=\"(max-width: 768px) 100vw, 768px\" \/><\/a><\/figure>\n<\/div>\n\n\n\n<div class=\"wp-block-column\" style=\"flex-basis:33.33%\">\n<p class=\"has-text-align-center has-arimo-24-regular-font-size\"><\/p>\n\n\n\n<div class=\"wp-block-image\"><figure class=\"aligncenter size-full is-resized\"><img src=\"https:\/\/etudiantscanadiens.org\/app\/uploads\/2025\/12\/castor.png\" alt=\"\" class=\"wp-image-6201\" width=\"156\" height=\"117\" srcset=\"https:\/\/etudiantscanadiens.org\/app\/uploads\/2025\/12\/castor.png 400w, https:\/\/etudiantscanadiens.org\/app\/uploads\/2025\/12\/castor-300x225.png 300w\" sizes=\"(max-width: 156px) 100vw, 156px\" \/><\/figure><\/div>\n\n\n\n<div style=\"height:10px\" aria-hidden=\"true\" class=\"wp-block-spacer\"><\/div>\n\n\n\n<div class=\"wp-block-image\"><figure class=\"aligncenter size-full\"><img width=\"300\" height=\"400\" src=\"https:\/\/etudiantscanadiens.org\/app\/uploads\/2025\/12\/quote-sd-eng-1.png\" alt=\"\" class=\"wp-image-6372\" srcset=\"https:\/\/etudiantscanadiens.org\/app\/uploads\/2025\/12\/quote-sd-eng-1.png 300w, https:\/\/etudiantscanadiens.org\/app\/uploads\/2025\/12\/quote-sd-eng-1-225x300.png 225w\" sizes=\"(max-width: 300px) 100vw, 300px\" \/><\/figure><\/div>\n<\/div>\n<\/div>\n\n\n\n<div style=\"height:111px\" aria-hidden=\"true\" class=\"wp-block-spacer\"><\/div>\n\n\n\n<div class=\"wp-block-cover has-background-dim\" style=\"min-height:203px\"><img width=\"2200\" height=\"611\" class=\"wp-block-cover__image-background wp-image-6590\" alt=\"\" src=\"https:\/\/etudiantscanadiens.org\/app\/uploads\/2026\/01\/sans-maison-1.jpg\" data-object-fit=\"cover\" srcset=\"https:\/\/etudiantscanadiens.org\/app\/uploads\/2026\/01\/sans-maison-1.jpg 2200w, https:\/\/etudiantscanadiens.org\/app\/uploads\/2026\/01\/sans-maison-1-300x83.jpg 300w, https:\/\/etudiantscanadiens.org\/app\/uploads\/2026\/01\/sans-maison-1-1024x284.jpg 1024w, https:\/\/etudiantscanadiens.org\/app\/uploads\/2026\/01\/sans-maison-1-768x213.jpg 768w, https:\/\/etudiantscanadiens.org\/app\/uploads\/2026\/01\/sans-maison-1-1536x427.jpg 1536w, https:\/\/etudiantscanadiens.org\/app\/uploads\/2026\/01\/sans-maison-1-2048x569.jpg 2048w\" sizes=\"(max-width: 2200px) 100vw, 2200px\" \/><div class=\"wp-block-cover__inner-container\">\n<h1 class=\"has-text-align-center\" id=\"program\"><strong>PROGRAM<\/strong><\/h1>\n\n\n\n<p class=\"has-text-align-center has-arimo-24-regular-font-size\"><strong>The Canadian House Turns 100 : Let\u2019s Celebrate!<\/strong><\/p>\n<\/div><\/div>\n\n\n\n<div style=\"height:32px\" aria-hidden=\"true\" class=\"wp-block-spacer\"><\/div>\n\n\n\n<h2 class=\"has-text-align-center\">Our Key Projects<\/h2>\n\n\n\n<div class=\"wp-block-columns\">\n<div class=\"wp-block-column\">\n<figure class=\"wp-block-image size-full\"><img width=\"300\" height=\"400\" src=\"https:\/\/etudiantscanadiens.org\/app\/uploads\/2025\/12\/projet-phare-1-1.png\" alt=\"\" class=\"wp-image-6374\" srcset=\"https:\/\/etudiantscanadiens.org\/app\/uploads\/2025\/12\/projet-phare-1-1.png 300w, https:\/\/etudiantscanadiens.org\/app\/uploads\/2025\/12\/projet-phare-1-1-225x300.png 225w\" sizes=\"(max-width: 300px) 100vw, 300px\" \/><\/figure>\n<\/div>\n\n\n\n<div class=\"wp-block-column\">\n<figure class=\"wp-block-image size-full\"><img width=\"300\" height=\"400\" src=\"https:\/\/etudiantscanadiens.org\/app\/uploads\/2025\/12\/projet-phare-2-1.png\" alt=\"\" class=\"wp-image-6376\" srcset=\"https:\/\/etudiantscanadiens.org\/app\/uploads\/2025\/12\/projet-phare-2-1.png 300w, https:\/\/etudiantscanadiens.org\/app\/uploads\/2025\/12\/projet-phare-2-1-225x300.png 225w\" sizes=\"(max-width: 300px) 100vw, 300px\" \/><\/figure>\n<\/div>\n\n\n\n<div class=\"wp-block-column\">\n<figure class=\"wp-block-image size-full\"><img width=\"300\" height=\"400\" src=\"https:\/\/etudiantscanadiens.org\/app\/uploads\/2025\/12\/projet-phare-3-1.png\" alt=\"\" class=\"wp-image-6378\" srcset=\"https:\/\/etudiantscanadiens.org\/app\/uploads\/2025\/12\/projet-phare-3-1.png 300w, https:\/\/etudiantscanadiens.org\/app\/uploads\/2025\/12\/projet-phare-3-1-225x300.png 225w\" sizes=\"(max-width: 300px) 100vw, 300px\" \/><\/figure>\n<\/div>\n\n\n\n<div class=\"wp-block-column\">\n<figure class=\"wp-block-image size-full\"><img width=\"300\" height=\"400\" src=\"https:\/\/etudiantscanadiens.org\/app\/uploads\/2025\/12\/projet-phare-4-1.png\" alt=\"\" class=\"wp-image-6380\" srcset=\"https:\/\/etudiantscanadiens.org\/app\/uploads\/2025\/12\/projet-phare-4-1.png 300w, https:\/\/etudiantscanadiens.org\/app\/uploads\/2025\/12\/projet-phare-4-1-225x300.png 225w\" sizes=\"(max-width: 300px) 100vw, 300px\" \/><\/figure>\n<\/div>\n<\/div>\n\n\n\n<h4 class=\"has-text-align-center has-primary-light-color has-primary-rouge-background-color has-text-color has-background\"><meta charset=\"utf-8\"><strong><meta charset=\"utf-8\"><strong>A Rich and Dynamic Cultural Program to Celebrate This Exceptional Year :<\/strong><\/strong><\/h4>\n\n\n\n<div class=\"wp-block-columns has-secondary-light-background-color has-background\">\n<div class=\"wp-block-column\">\n<p class=\"has-text-align-right has-primary-rouge-color has-text-color has-inter-22-regular-font-size\"><a href=\"#january\">January<\/a><\/p>\n\n\n\n<p class=\"has-text-align-right has-primary-rouge-color has-text-color has-inter-22-regular-font-size\"><a href=\"#february\">February<\/a><\/p>\n\n\n\n<p class=\"has-text-align-right has-primary-rouge-color has-text-color has-inter-22-regular-font-size\"><a href=\"#march\">M<\/a><a href=\"#mars\">arch<\/a><\/p>\n<\/div>\n\n\n\n<div class=\"wp-block-column\">\n<p class=\"has-text-align-center has-primary-rouge-color has-text-color has-inter-22-regular-font-size\"><a href=\"#april\">April<\/a><\/p>\n\n\n\n<p class=\"has-text-align-center has-primary-rouge-color has-text-color has-inter-22-regular-font-size\"><a href=\"#may\">May<\/a><\/p>\n\n\n\n<p class=\"has-text-align-center has-primary-rouge-color has-text-color has-inter-22-regular-font-size\"><a href=\"#june\">June<\/a><\/p>\n<\/div>\n\n\n\n<div class=\"wp-block-column\">\n<p class=\"has-text-align-center has-primary-rouge-color has-text-color has-inter-22-regular-font-size\"><a href=\"#july\">July<\/a><\/p>\n\n\n\n<p class=\"has-text-align-center has-primary-rouge-color has-text-color has-inter-22-regular-font-size\"><a href=\"#august\">August<\/a><\/p>\n\n\n\n<p class=\"has-text-align-center has-primary-rouge-color has-text-color has-inter-22-regular-font-size\"><a href=\"#september\">September<\/a><\/p>\n<\/div>\n\n\n\n<div class=\"wp-block-column\">\n<p class=\"has-primary-rouge-color has-text-color has-inter-22-regular-font-size\"><a href=\"#october\">October<\/a><\/p>\n\n\n\n<p class=\"has-primary-rouge-color has-text-color has-inter-22-regular-font-size\"><a href=\"#november\">November<\/a><\/p>\n\n\n\n<p class=\"has-primary-rouge-color has-text-color has-inter-22-regular-font-size\"><a href=\"#december\">December<\/a><\/p>\n<\/div>\n<\/div>\n\n\n\n<div style=\"height:68px\" aria-hidden=\"true\" class=\"wp-block-spacer\"><\/div>\n\n\n\n<h2 class=\"has-text-align-center\" id=\"january\">January<\/h2>\n\n\n\n<div class=\"wp-block-columns\">\n<div class=\"wp-block-column\">\n<div class=\"wp-block-image\"><figure class=\"alignright size-full is-resized\"><img src=\"https:\/\/etudiantscanadiens.org\/app\/uploads\/2026\/01\/67-1.png\" alt=\"\" class=\"wp-image-6568\" width=\"246\" height=\"185\" srcset=\"https:\/\/etudiantscanadiens.org\/app\/uploads\/2026\/01\/67-1.png 400w, https:\/\/etudiantscanadiens.org\/app\/uploads\/2026\/01\/67-1-300x225.png 300w\" sizes=\"(max-width: 246px) 100vw, 246px\" \/><\/figure><\/div>\n<\/div>\n\n\n\n<div class=\"wp-block-column\">\n<div style=\"height:30px\" aria-hidden=\"true\" class=\"wp-block-spacer\"><\/div>\n\n\n\n<ul class=\"has-inter-18-bold-font-size\"><li><strong><a href=\"#smaragdin-eng\">Smaragdin Exhibition<\/a><\/strong><\/li><li><strong><a href=\"#dialogue-recherche-eng\">Dialogue with Researchers<\/a><\/strong><\/li><li><strong><a href=\"#book-club\">Book Club<\/a><\/strong><\/li><li><strong><a href=\"#cent-launch\">Centenary Launch Evening<\/a><\/strong><\/li><\/ul>\n\n\n\n<div style=\"height:30px\" aria-hidden=\"true\" class=\"wp-block-spacer\"><\/div>\n\n\n\n<p><\/p>\n<\/div>\n\n\n\n<div class=\"wp-block-column\">\n<figure class=\"wp-block-image size-full is-resized\"><img src=\"https:\/\/etudiantscanadiens.org\/app\/uploads\/2026\/01\/75-1.png\" alt=\"\" class=\"wp-image-6570\" width=\"241\" height=\"181\" srcset=\"https:\/\/etudiantscanadiens.org\/app\/uploads\/2026\/01\/75-1.png 400w, https:\/\/etudiantscanadiens.org\/app\/uploads\/2026\/01\/75-1-300x225.png 300w\" sizes=\"(max-width: 241px) 100vw, 241px\" \/><\/figure>\n<\/div>\n<\/div>\n\n\n\n<div style=\"height:15px\" aria-hidden=\"true\" class=\"wp-block-spacer\"><\/div>\n\n\n\n<div class=\"wp-block-media-text alignwide has-media-on-the-right is-stacked-on-mobile\" style=\"grid-template-columns:auto 30%\"><figure class=\"wp-block-media-text__media\"><img width=\"724\" height=\"1024\" src=\"https:\/\/etudiantscanadiens.org\/app\/uploads\/2026\/01\/1-1-2-724x1024.jpg\" alt=\"\" class=\"wp-image-6595 size-full\" srcset=\"https:\/\/etudiantscanadiens.org\/app\/uploads\/2026\/01\/1-1-2-724x1024.jpg 724w, https:\/\/etudiantscanadiens.org\/app\/uploads\/2026\/01\/1-1-2-212x300.jpg 212w, https:\/\/etudiantscanadiens.org\/app\/uploads\/2026\/01\/1-1-2-768x1087.jpg 768w, https:\/\/etudiantscanadiens.org\/app\/uploads\/2026\/01\/1-1-2-1086x1536.jpg 1086w, https:\/\/etudiantscanadiens.org\/app\/uploads\/2026\/01\/1-1-2-1448x2048.jpg 1448w, https:\/\/etudiantscanadiens.org\/app\/uploads\/2026\/01\/1-1-2.jpg 1555w\" sizes=\"(max-width: 724px) 100vw, 724px\" \/><\/figure><div class=\"wp-block-media-text__content\">\n<p class=\"has-text-align-center has-large-font-size\" id=\"smaragdin-eng\"><strong>Smaragdin<\/strong><\/p>\n\n\n\n<p class=\"has-text-align-center has-primary-rouge-color has-text-color has-inter-18-bold-font-size\"><strong>EXHIBITION<\/strong><\/p>\n\n\n\n<p class=\"has-text-align-center\">Archival documents focusing on the stay of four residents at the origin of the animated short film&nbsp;<strong>Smaragdin<\/strong>, produced at the MEC in 1959.<\/p>\n\n\n\n<figure class=\"wp-block-pullquote\"><blockquote><p>Opening : <em>January<\/em> 13, 7:30 pm<\/p><p>Closing : <em>March<\/em> 4<\/p><cite>By <strong>Jean Letarte<\/strong> (director), <strong>Lucile Durant<\/strong> \/ <strong>Louky Bersianik<\/strong> (autor), <strong>Marcel Sabourin<\/strong> (actor), <strong>Bruce Mather<\/strong> (composer) | In collaboration with the Cin\u00e9math\u00e8que qu\u00e9b\u00e9coise<\/cite><\/blockquote><\/figure>\n\n\n\n<p><\/p>\n\n\n\n<p><\/p>\n\n\n\n<p><\/p>\n<\/div><\/div>\n\n\n\n<div class=\"wp-block-media-text alignwide is-stacked-on-mobile\" style=\"grid-template-columns:30% auto\"><figure class=\"wp-block-media-text__media\"><img width=\"724\" height=\"1024\" src=\"https:\/\/etudiantscanadiens.org\/app\/uploads\/2026\/01\/2-1-724x1024.jpg\" alt=\"\" class=\"wp-image-6597 size-full\" srcset=\"https:\/\/etudiantscanadiens.org\/app\/uploads\/2026\/01\/2-1-724x1024.jpg 724w, https:\/\/etudiantscanadiens.org\/app\/uploads\/2026\/01\/2-1-212x300.jpg 212w, https:\/\/etudiantscanadiens.org\/app\/uploads\/2026\/01\/2-1-768x1087.jpg 768w, https:\/\/etudiantscanadiens.org\/app\/uploads\/2026\/01\/2-1-1086x1536.jpg 1086w, https:\/\/etudiantscanadiens.org\/app\/uploads\/2026\/01\/2-1-1448x2048.jpg 1448w, https:\/\/etudiantscanadiens.org\/app\/uploads\/2026\/01\/2-1.jpg 1555w\" sizes=\"(max-width: 724px) 100vw, 724px\" \/><\/figure><div class=\"wp-block-media-text__content\">\n<p class=\"has-text-align-center has-large-font-size\" id=\"dialogue-recherche-eng\"><strong>Dialogue With Researchers<\/strong><\/p>\n\n\n\n<p class=\"has-text-align-center has-primary-rouge-color has-text-color has-inter-18-bold-font-size\">MEETING \/ DIALOGUE<\/p>\n\n\n\n<p class=\"has-text-align-center\"><em><em>A space for exchange, discussion, and networking, bringing together MEC residents and academic figures from the Universit\u00e9 de Montr\u00e9al across multiple fields of research.<\/em><\/em><\/p>\n\n\n\n<figure class=\"wp-block-pullquote\"><blockquote><p><em>January 19<\/em>, 7:30 pm<\/p><cite>In collaboration with Universit\u00e9 de Montr\u00e9al<\/cite><\/blockquote><\/figure>\n\n\n\n<p><\/p>\n\n\n\n<p><\/p>\n\n\n\n<p><\/p>\n\n\n\n<p><\/p>\n\n\n\n<p><\/p>\n<\/div><\/div>\n\n\n\n<div class=\"wp-block-media-text alignwide has-media-on-the-right is-stacked-on-mobile\" style=\"grid-template-columns:auto 30%\"><figure class=\"wp-block-media-text__media\"><img width=\"724\" height=\"1024\" src=\"https:\/\/etudiantscanadiens.org\/app\/uploads\/2026\/01\/affiche-centenaire-club-de-lecture-724x1024.jpg\" alt=\"\" class=\"wp-image-6653 size-full\" srcset=\"https:\/\/etudiantscanadiens.org\/app\/uploads\/2026\/01\/affiche-centenaire-club-de-lecture-724x1024.jpg 724w, https:\/\/etudiantscanadiens.org\/app\/uploads\/2026\/01\/affiche-centenaire-club-de-lecture-212x300.jpg 212w, https:\/\/etudiantscanadiens.org\/app\/uploads\/2026\/01\/affiche-centenaire-club-de-lecture-768x1087.jpg 768w, https:\/\/etudiantscanadiens.org\/app\/uploads\/2026\/01\/affiche-centenaire-club-de-lecture-1086x1536.jpg 1086w, https:\/\/etudiantscanadiens.org\/app\/uploads\/2026\/01\/affiche-centenaire-club-de-lecture-1448x2048.jpg 1448w, https:\/\/etudiantscanadiens.org\/app\/uploads\/2026\/01\/affiche-centenaire-club-de-lecture.jpg 1555w\" sizes=\"(max-width: 724px) 100vw, 724px\" \/><\/figure><div class=\"wp-block-media-text__content\">\n<p class=\"has-text-align-center has-large-font-size\" id=\"book-club\"><strong>Book Club <\/strong><\/p>\n\n\n\n<p class=\"has-text-align-center has-primary-rouge-color has-text-color has-inter-18-bold-font-size\"><strong>MEETING \/ DIALOGUE<\/strong><\/p>\n\n\n\n<p class=\"has-text-align-center\"><em><em>A monthly space for exchange on themes such as memory, identity, migration, world narratives, and stories that connect individuals to larger collective histories.<\/em><\/em><\/p>\n\n\n\n<figure class=\"wp-block-pullquote\"><blockquote><p><em>January 28 to May<\/em><\/p><cite>By<strong> V\u00e9ronique Voyer <\/strong>(RESIDENT) | <br>IN collaboration WITH Gaston Miron LIBRARY<\/cite><\/blockquote><\/figure>\n\n\n\n<p><\/p>\n\n\n\n<p><\/p>\n<\/div><\/div>\n\n\n\n<div class=\"wp-block-media-text alignwide is-stacked-on-mobile\" style=\"grid-template-columns:30% auto\"><figure class=\"wp-block-media-text__media\"><img width=\"300\" height=\"400\" src=\"https:\/\/etudiantscanadiens.org\/app\/uploads\/2025\/12\/visuel-loading.png\" alt=\"\" class=\"wp-image-6278 size-full\" srcset=\"https:\/\/etudiantscanadiens.org\/app\/uploads\/2025\/12\/visuel-loading.png 300w, https:\/\/etudiantscanadiens.org\/app\/uploads\/2025\/12\/visuel-loading-225x300.png 225w\" sizes=\"(max-width: 300px) 100vw, 300px\" \/><\/figure><div class=\"wp-block-media-text__content\">\n<p class=\"has-text-align-center has-large-font-size\" id=\"cent-launch\"><strong>Centenary Launch Evening<\/strong><\/p>\n\n\n\n<p class=\"has-text-align-center has-primary-rouge-color has-text-color has-inter-18-bold-font-size\">SIGNATURE EVENT <\/p>\n\n\n\n<p class=\"has-text-align-center\">Inspiring speeches, artistic performances, official unveilings, and gathering of MEC members, partners, and friends.<\/p>\n\n\n\n<figure class=\"wp-block-pullquote\"><blockquote><p><em>January <\/em>30, 7:30 pm<\/p><cite>By the Canadian House<\/cite><\/blockquote><\/figure>\n\n\n\n<p><\/p>\n<\/div><\/div>\n\n\n\n<div style=\"height:81px\" aria-hidden=\"true\" class=\"wp-block-spacer\"><\/div>\n\n\n\n<h2 class=\"has-text-align-center\" id=\"february\">February<\/h2>\n\n\n\n<div class=\"wp-block-columns\">\n<div class=\"wp-block-column\">\n<div class=\"wp-block-image\"><figure class=\"alignright size-full is-resized\"><img src=\"https:\/\/etudiantscanadiens.org\/app\/uploads\/2026\/01\/67-1.png\" alt=\"\" class=\"wp-image-6568\" width=\"268\" height=\"201\" srcset=\"https:\/\/etudiantscanadiens.org\/app\/uploads\/2026\/01\/67-1.png 400w, https:\/\/etudiantscanadiens.org\/app\/uploads\/2026\/01\/67-1-300x225.png 300w\" sizes=\"(max-width: 268px) 100vw, 268px\" \/><\/figure><\/div>\n<\/div>\n\n\n\n<div class=\"wp-block-column\">\n<div style=\"height:28px\" aria-hidden=\"true\" class=\"wp-block-spacer\"><\/div>\n\n\n\n<ul class=\"has-inter-18-bold-font-size\"><li><strong><a href=\"#diversite-heritage-eng\">LGBTQIA+ Realities Conference: Understanding, Dialoguing, and Living Together<\/a><\/strong><\/li><li><strong><a href=\"#car-jazz\">Caribbean Jazz Group Concert<\/a><\/strong><\/li><\/ul>\n\n\n\n<div style=\"height:22px\" aria-hidden=\"true\" class=\"wp-block-spacer\"><\/div>\n<\/div>\n\n\n\n<div class=\"wp-block-column\">\n<figure class=\"wp-block-image size-full is-resized\"><img src=\"https:\/\/etudiantscanadiens.org\/app\/uploads\/2026\/01\/75-1.png\" alt=\"\" class=\"wp-image-6570\" width=\"260\" height=\"195\" srcset=\"https:\/\/etudiantscanadiens.org\/app\/uploads\/2026\/01\/75-1.png 400w, https:\/\/etudiantscanadiens.org\/app\/uploads\/2026\/01\/75-1-300x225.png 300w\" sizes=\"(max-width: 260px) 100vw, 260px\" \/><\/figure>\n<\/div>\n<\/div>\n\n\n\n<div style=\"height:28px\" aria-hidden=\"true\" class=\"wp-block-spacer\"><\/div>\n\n\n\n<div class=\"wp-block-media-text alignwide is-stacked-on-mobile\" style=\"grid-template-columns:30% auto\"><figure class=\"wp-block-media-text__media\"><img width=\"724\" height=\"1024\" src=\"https:\/\/etudiantscanadiens.org\/app\/uploads\/2026\/02\/affiche-centenaire-ateliers-lgbtq-residents-724x1024.jpg\" alt=\"\" class=\"wp-image-6815 size-full\" srcset=\"https:\/\/etudiantscanadiens.org\/app\/uploads\/2026\/02\/affiche-centenaire-ateliers-lgbtq-residents-724x1024.jpg 724w, https:\/\/etudiantscanadiens.org\/app\/uploads\/2026\/02\/affiche-centenaire-ateliers-lgbtq-residents-212x300.jpg 212w, https:\/\/etudiantscanadiens.org\/app\/uploads\/2026\/02\/affiche-centenaire-ateliers-lgbtq-residents-768x1087.jpg 768w, https:\/\/etudiantscanadiens.org\/app\/uploads\/2026\/02\/affiche-centenaire-ateliers-lgbtq-residents-1086x1536.jpg 1086w, https:\/\/etudiantscanadiens.org\/app\/uploads\/2026\/02\/affiche-centenaire-ateliers-lgbtq-residents-1448x2048.jpg 1448w, https:\/\/etudiantscanadiens.org\/app\/uploads\/2026\/02\/affiche-centenaire-ateliers-lgbtq-residents.jpg 1555w\" sizes=\"(max-width: 724px) 100vw, 724px\" \/><\/figure><div class=\"wp-block-media-text__content\">\n<p class=\"has-text-align-center has-large-font-size\" id=\"diversite-heritage-eng\">Conference : LGBTQIA+ Realities : Understanding, Dialoguing, and Living Together | <strong>Diversity &amp; Heritage : A Century of Inclusion<\/strong><\/p>\n\n\n\n<p class=\"has-text-align-center has-primary-rouge-color has-text-color has-inter-18-bold-font-size\">MEETING \/ DIALOGUE<\/p>\n\n\n\n<p class=\"has-text-align-center\"><em> <em>This symposium highlights the evolution of LGBTQIA+ rights, identities, and struggles over the past 100 years. Through expert talks, personal testimonies, and workshops, it explores progress made, ongoing challenges, and future perspectives for a truly inclusive society.<\/em><\/em><\/p>\n\n\n\n<figure class=\"wp-block-pullquote\"><blockquote><p><em>February 11<\/em>, 7:00 pm<\/p><cite>By <strong>Kevin Prada <\/strong>(PhD candidate in psychology) | In collaboration with Fondation Baxter et Alma Ricard + Fondation Emergence<\/cite><\/blockquote><\/figure>\n\n\n\n<p><\/p>\n<\/div><\/div>\n\n\n\n<div class=\"wp-block-media-text alignwide has-media-on-the-right is-stacked-on-mobile\" style=\"grid-template-columns:auto 30%\"><figure class=\"wp-block-media-text__media\"><img width=\"724\" height=\"1024\" src=\"https:\/\/etudiantscanadiens.org\/app\/uploads\/2026\/02\/affiche-centenaire-caribbean-jazz-group-724x1024.jpg\" alt=\"\" class=\"wp-image-6818 size-full\" srcset=\"https:\/\/etudiantscanadiens.org\/app\/uploads\/2026\/02\/affiche-centenaire-caribbean-jazz-group-724x1024.jpg 724w, https:\/\/etudiantscanadiens.org\/app\/uploads\/2026\/02\/affiche-centenaire-caribbean-jazz-group-212x300.jpg 212w, https:\/\/etudiantscanadiens.org\/app\/uploads\/2026\/02\/affiche-centenaire-caribbean-jazz-group-768x1087.jpg 768w, https:\/\/etudiantscanadiens.org\/app\/uploads\/2026\/02\/affiche-centenaire-caribbean-jazz-group-1086x1536.jpg 1086w, https:\/\/etudiantscanadiens.org\/app\/uploads\/2026\/02\/affiche-centenaire-caribbean-jazz-group-1448x2048.jpg 1448w, https:\/\/etudiantscanadiens.org\/app\/uploads\/2026\/02\/affiche-centenaire-caribbean-jazz-group.jpg 1555w\" sizes=\"(max-width: 724px) 100vw, 724px\" \/><\/figure><div class=\"wp-block-media-text__content\">\n<p class=\"has-text-align-center has-large-font-size\" id=\"car-jazz\"><strong>Caribbean Jazz Group<\/strong><\/p>\n\n\n\n<p class=\"has-text-align-center has-primary-rouge-color has-text-color has-inter-18-bold-font-size\">CONCERT<\/p>\n\n\n\n<p class=\"has-text-align-center\"><em> Saxophonist, composer, and arranger, Jocelyn M\u00e9nard is a Canadian jazz musician.<\/em><\/p>\n\n\n\n<figure class=\"wp-block-pullquote\"><blockquote><p><em>February 12<\/em>, 8:00 pm<\/p><cite>By <strong>Jocelyn M\u00e9nard <\/strong>(Jazz musician)<\/cite><\/blockquote><\/figure>\n\n\n\n<p><\/p>\n<\/div><\/div>\n\n\n\n<div style=\"height:81px\" aria-hidden=\"true\" class=\"wp-block-spacer\"><\/div>\n\n\n\n<h2 class=\"has-text-align-center\" id=\"march\">March<\/h2>\n\n\n\n<div class=\"wp-block-columns\">\n<div class=\"wp-block-column\">\n<div class=\"wp-block-image\"><figure class=\"alignright size-full is-resized\"><img src=\"https:\/\/etudiantscanadiens.org\/app\/uploads\/2026\/01\/67-1.png\" alt=\"\" class=\"wp-image-6568\" width=\"253\" height=\"189\" srcset=\"https:\/\/etudiantscanadiens.org\/app\/uploads\/2026\/01\/67-1.png 400w, https:\/\/etudiantscanadiens.org\/app\/uploads\/2026\/01\/67-1-300x225.png 300w\" sizes=\"(max-width: 253px) 100vw, 253px\" \/><\/figure><\/div>\n<\/div>\n\n\n\n<div class=\"wp-block-column\">\n<div style=\"height:8px\" aria-hidden=\"true\" class=\"wp-block-spacer\"><\/div>\n\n\n\n<ul class=\"has-inter-18-bold-font-size\"><li><a href=\"#expo-absolue-eng\">Absolue de m\u00e9moire Exhibition<\/a><\/li><li><a href=\"#femmes-inspirantes-eng\">Femmes inspirantes (4th Edition)<\/a><\/li><li><a href=\"#dernier-canadien-eng\">Screening of Le dernier canadien fran\u00e7ais <\/a><\/li><li><a href=\"#sugar-shack\">Sugar Shack and Pop-up Restaurant<\/a><\/li><li><a href=\"#nuits-poesie-eng\">Les Nuits de la po\u00e9sie Festival (5th Edition)<\/a><\/li><\/ul>\n\n\n\n<div style=\"height:30px\" aria-hidden=\"true\" class=\"wp-block-spacer\"><\/div>\n\n\n\n<p><\/p>\n<\/div>\n\n\n\n<div class=\"wp-block-column\">\n<div class=\"wp-block-image\"><figure class=\"alignleft size-full is-resized\"><img src=\"https:\/\/etudiantscanadiens.org\/app\/uploads\/2026\/01\/75-1.png\" alt=\"\" class=\"wp-image-6570\" width=\"263\" height=\"197\" srcset=\"https:\/\/etudiantscanadiens.org\/app\/uploads\/2026\/01\/75-1.png 400w, https:\/\/etudiantscanadiens.org\/app\/uploads\/2026\/01\/75-1-300x225.png 300w\" sizes=\"(max-width: 263px) 100vw, 263px\" \/><\/figure><\/div>\n<\/div>\n<\/div>\n\n\n\n<div class=\"wp-block-media-text alignwide has-media-on-the-right is-stacked-on-mobile\" style=\"grid-template-columns:auto 30%\"><figure class=\"wp-block-media-text__media\"><img width=\"724\" height=\"1024\" src=\"https:\/\/etudiantscanadiens.org\/app\/uploads\/2026\/02\/affiche-centenaire-absolue-de-memoire-1-724x1024.jpg\" alt=\"\" class=\"wp-image-6848 size-full\" srcset=\"https:\/\/etudiantscanadiens.org\/app\/uploads\/2026\/02\/affiche-centenaire-absolue-de-memoire-1-724x1024.jpg 724w, https:\/\/etudiantscanadiens.org\/app\/uploads\/2026\/02\/affiche-centenaire-absolue-de-memoire-1-212x300.jpg 212w, https:\/\/etudiantscanadiens.org\/app\/uploads\/2026\/02\/affiche-centenaire-absolue-de-memoire-1-768x1087.jpg 768w, https:\/\/etudiantscanadiens.org\/app\/uploads\/2026\/02\/affiche-centenaire-absolue-de-memoire-1-1086x1536.jpg 1086w, https:\/\/etudiantscanadiens.org\/app\/uploads\/2026\/02\/affiche-centenaire-absolue-de-memoire-1-1448x2048.jpg 1448w, https:\/\/etudiantscanadiens.org\/app\/uploads\/2026\/02\/affiche-centenaire-absolue-de-memoire-1.jpg 1555w\" sizes=\"(max-width: 724px) 100vw, 724px\" \/><\/figure><div class=\"wp-block-media-text__content\">\n<p class=\"has-text-align-center has-large-font-size\" id=\"expo-absolue-eng\"><strong>Absolue de m\u00e9moire<\/strong><\/p>\n\n\n\n<p class=\"has-text-align-center has-primary-rouge-color has-text-color has-inter-18-bold-font-size\">EXHIBITION<\/p>\n\n\n\n<p class=\"has-text-align-center\"> The exhibition&nbsp;<em>Absolue de m\u00e9moire<\/em>&nbsp;tells the memorial journey of a woman who remembers\u2014or believes she remembers\u2014significant episodes of her life. This insomniac, aging woman often takes refuge in her attic, a space that shelters her from time and comforts her. Images and thoughts, photographs and texts come together to indicate the path to follow, the Ariadne\u2019s thread not to lose.<\/p>\n\n\n\n<figure class=\"wp-block-pullquote\"><blockquote><p>Opening &#8211; <em>March<\/em> 4, 7:30 pm<\/p><p>Closing &#8211; <em>April 30<\/em><\/p><cite>By <strong>Christine Lahaie<\/strong> (artist) and <strong>Suzanne Press\u00e9 <\/strong>(historian and former resident)<\/cite><\/blockquote><\/figure>\n\n\n\n<p><\/p>\n<\/div><\/div>\n\n\n\n<div class=\"wp-block-media-text alignwide is-stacked-on-mobile\" style=\"grid-template-columns:30% auto\"><figure class=\"wp-block-media-text__media\"><img width=\"724\" height=\"1024\" src=\"https:\/\/etudiantscanadiens.org\/app\/uploads\/2026\/02\/affiche-centenaire-femme-inspirante-4e-edition-724x1024.jpg\" alt=\"\" class=\"wp-image-6824 size-full\" srcset=\"https:\/\/etudiantscanadiens.org\/app\/uploads\/2026\/02\/affiche-centenaire-femme-inspirante-4e-edition-724x1024.jpg 724w, https:\/\/etudiantscanadiens.org\/app\/uploads\/2026\/02\/affiche-centenaire-femme-inspirante-4e-edition-212x300.jpg 212w, https:\/\/etudiantscanadiens.org\/app\/uploads\/2026\/02\/affiche-centenaire-femme-inspirante-4e-edition-768x1087.jpg 768w, https:\/\/etudiantscanadiens.org\/app\/uploads\/2026\/02\/affiche-centenaire-femme-inspirante-4e-edition-1086x1536.jpg 1086w, https:\/\/etudiantscanadiens.org\/app\/uploads\/2026\/02\/affiche-centenaire-femme-inspirante-4e-edition-1448x2048.jpg 1448w, https:\/\/etudiantscanadiens.org\/app\/uploads\/2026\/02\/affiche-centenaire-femme-inspirante-4e-edition.jpg 1555w\" sizes=\"(max-width: 724px) 100vw, 724px\" \/><\/figure><div class=\"wp-block-media-text__content\">\n<p class=\"has-text-align-center has-large-font-size\" id=\"femmes-inspirantes-eng\"><strong>Femmes inspirantes<\/strong> (4th Edition)<\/p>\n\n\n\n<p class=\"has-text-align-center has-primary-rouge-color has-text-color has-inter-18-bold-font-size\">MEETING \/ DIALOGUE<\/p>\n\n\n\n<p class=\"has-text-align-center\"><em>This activity honors around twenty women whose journeys, commitment, and resilience help transform their communities and inspire future generations.<\/em><\/p>\n\n\n\n<p class=\"has-text-align-center has-primary-rouge-color has-text-color\">*(Event reserved exclusively for residents of the Cit\u00e9 Internationale Universitaire de Paris)<\/p>\n\n\n\n<figure class=\"wp-block-pullquote\"><blockquote><p><em>March 9<\/em>, 7:00 pm<\/p><cite>By <strong>Elisabeth Pr\u00e9gent <\/strong>(resident), <strong>Ana Aleman<\/strong> (cultural agent of the MEC) and the organizing committee | In collaboration with MINA, Arts et M\u00e9tiers, Monaco, Italian and Dutch houses on the Cit\u00e9<\/cite><\/blockquote><\/figure>\n\n\n\n<p><\/p>\n<\/div><\/div>\n\n\n\n<div class=\"wp-block-media-text alignwide has-media-on-the-right is-stacked-on-mobile\" style=\"grid-template-columns:auto 30%\"><figure class=\"wp-block-media-text__media\"><img width=\"724\" height=\"1024\" src=\"https:\/\/etudiantscanadiens.org\/app\/uploads\/2026\/02\/affiche-centenaire-le-dernier-canadien-francais--724x1024.jpg\" alt=\"\" class=\"wp-image-6845 size-full\" srcset=\"https:\/\/etudiantscanadiens.org\/app\/uploads\/2026\/02\/affiche-centenaire-le-dernier-canadien-francais--724x1024.jpg 724w, https:\/\/etudiantscanadiens.org\/app\/uploads\/2026\/02\/affiche-centenaire-le-dernier-canadien-francais--212x300.jpg 212w, https:\/\/etudiantscanadiens.org\/app\/uploads\/2026\/02\/affiche-centenaire-le-dernier-canadien-francais--768x1087.jpg 768w, https:\/\/etudiantscanadiens.org\/app\/uploads\/2026\/02\/affiche-centenaire-le-dernier-canadien-francais--1086x1536.jpg 1086w, https:\/\/etudiantscanadiens.org\/app\/uploads\/2026\/02\/affiche-centenaire-le-dernier-canadien-francais--1448x2048.jpg 1448w, https:\/\/etudiantscanadiens.org\/app\/uploads\/2026\/02\/affiche-centenaire-le-dernier-canadien-francais-.jpg 1555w\" sizes=\"(max-width: 724px) 100vw, 724px\" \/><\/figure><div class=\"wp-block-media-text__content\">\n<p class=\"has-text-align-center has-large-font-size\" id=\"dernier-canadien-eng\">Screening : <strong>Le dernier canadien fran\u00e7ais<\/strong><\/p>\n\n\n\n<p class=\"has-text-align-center has-primary-rouge-color has-text-color has-inter-18-bold-font-size\">CINEMA<\/p>\n\n\n\n<p class=\"has-text-align-center\">The question of Francophone identity in Canada is at the heart of a compelling new documentary titled&nbsp;<em>Le dernier Canadien fran\u00e7ais<\/em>. The film, produced by David Baeta, Virginie Corneau, and Simon Madore of the production company Moi &amp; Dave, follows actor and host Pascal Justin Boyer on a journey across the country, meeting Francophones from diverse backgrounds.<\/p>\n\n\n\n<figure class=\"wp-block-pullquote\"><blockquote><p><em>March 10<\/em>, 7:00 pm<\/p><cite>By <strong>Pascal Justin Boyer <\/strong>(comedian) and <strong>Isabelle Corriveau<\/strong> (producer)<\/cite><\/blockquote><\/figure>\n\n\n\n<p><\/p>\n<\/div><\/div>\n\n\n\n<div class=\"wp-block-media-text alignwide is-stacked-on-mobile\" style=\"grid-template-columns:30% auto\"><figure class=\"wp-block-media-text__media\"><img width=\"724\" height=\"1024\" src=\"https:\/\/etudiantscanadiens.org\/app\/uploads\/2026\/02\/cabane-a-sucre-invitation-officielle-verticale-724x1024.jpg\" alt=\"\" class=\"wp-image-6842 size-full\" srcset=\"https:\/\/etudiantscanadiens.org\/app\/uploads\/2026\/02\/cabane-a-sucre-invitation-officielle-verticale-724x1024.jpg 724w, https:\/\/etudiantscanadiens.org\/app\/uploads\/2026\/02\/cabane-a-sucre-invitation-officielle-verticale-212x300.jpg 212w, https:\/\/etudiantscanadiens.org\/app\/uploads\/2026\/02\/cabane-a-sucre-invitation-officielle-verticale-768x1087.jpg 768w, https:\/\/etudiantscanadiens.org\/app\/uploads\/2026\/02\/cabane-a-sucre-invitation-officielle-verticale-1086x1536.jpg 1086w, https:\/\/etudiantscanadiens.org\/app\/uploads\/2026\/02\/cabane-a-sucre-invitation-officielle-verticale-1448x2048.jpg 1448w, https:\/\/etudiantscanadiens.org\/app\/uploads\/2026\/02\/cabane-a-sucre-invitation-officielle-verticale.jpg 1555w\" sizes=\"(max-width: 724px) 100vw, 724px\" \/><\/figure><div class=\"wp-block-media-text__content\">\n<p class=\"has-text-align-center has-large-font-size\" id=\"sugar-shack\"><strong>Sugar Shack and Pop-up Restaurant<\/strong><\/p>\n\n\n\n<p class=\"has-text-align-center has-primary-rouge-color has-text-color has-inter-18-bold-font-size\">SIGNATURE EVENT<\/p>\n\n\n\n<p class=\"has-text-align-center\"> Experience a unique tradition with a menu showcasing the best of Qu\u00e9b\u00e9cois cuisine.<\/p>\n\n\n\n<figure class=\"wp-block-pullquote\"><blockquote><p>March 13, 7:00 pm<\/p><cite>By <strong>Jean-Christophe Beaudin <\/strong>(chef and former MEC resident) | In collaboration with the Qu\u00e9bec Delegation in Paris<\/cite><\/blockquote><\/figure>\n\n\n\n<p><\/p>\n<\/div><\/div>\n\n\n\n<div class=\"wp-block-media-text alignwide has-media-on-the-right is-stacked-on-mobile\" style=\"grid-template-columns:auto 30%\"><figure class=\"wp-block-media-text__media\"><img width=\"819\" height=\"1024\" src=\"https:\/\/etudiantscanadiens.org\/app\/uploads\/2026\/03\/nuits-819x1024.jpg\" alt=\"\" class=\"wp-image-6892 size-full\" srcset=\"https:\/\/etudiantscanadiens.org\/app\/uploads\/2026\/03\/nuits-819x1024.jpg 819w, https:\/\/etudiantscanadiens.org\/app\/uploads\/2026\/03\/nuits-240x300.jpg 240w, https:\/\/etudiantscanadiens.org\/app\/uploads\/2026\/03\/nuits-768x960.jpg 768w, https:\/\/etudiantscanadiens.org\/app\/uploads\/2026\/03\/nuits.jpg 1080w\" sizes=\"(max-width: 819px) 100vw, 819px\" \/><\/figure><div class=\"wp-block-media-text__content\">\n<p class=\"has-text-align-center has-large-font-size\" id=\"nuits-poesie-eng\"><strong>Les Nuits de la po\u00e9sie<\/strong> (5th Edition)<\/p>\n\n\n\n<p class=\"has-text-align-center has-primary-rouge-color has-text-color has-inter-18-bold-font-size\">FESTIVAL<\/p>\n\n\n\n<p class=\"has-text-align-center\"> For one week, the public is invited to immerse themselves in a world where words come to life through performances, writing contests, poetry and slam workshops, as well as a grand poetic parade bringing together artists, residents, and lovers of the literary arts. <\/p>\n\n\n\n<figure class=\"wp-block-pullquote\"><blockquote><p><em>March 16 to 22<\/em><\/p><cite>By <strong>the organizing committee (Maxime Poignand, Nathalia Barbosa, Zuzana Navratil, Natasha, Arun, James Danger, Ana Aleman<\/strong>) | In collaboration with <strong>Lise Gauvin<\/strong>, <strong>capitaine Alexandre<\/strong>, <strong>Rodmey St. Eloi<\/strong> and many houses on the Cit\u00e9<\/cite><\/blockquote><\/figure>\n\n\n\n<p><\/p>\n<\/div><\/div>\n\n\n\n<div style=\"height:100px\" aria-hidden=\"true\" class=\"wp-block-spacer\"><\/div>\n\n\n\n<h2 class=\"has-text-align-center\" id=\"april\">April<\/h2>\n\n\n\n<p><\/p>\n\n\n\n<div class=\"wp-block-columns\">\n<div class=\"wp-block-column\">\n<div class=\"wp-block-image\"><figure class=\"alignright size-full is-resized\"><img src=\"https:\/\/etudiantscanadiens.org\/app\/uploads\/2026\/01\/programmation-ete.png\" alt=\"\" class=\"wp-image-6576\" width=\"370\" height=\"276\"\/><\/figure><\/div>\n<\/div>\n\n\n\n<div class=\"wp-block-column\">\n<div style=\"height:32px\" aria-hidden=\"true\" class=\"wp-block-spacer\"><\/div>\n\n\n\n<ul class=\"has-inter-18-bold-font-size\"><li><a href=\"#concert-kyrian-en\">The Impressionists in Concert: A Discovery &#8211; Kyrian Friedenberg<\/a><\/li><li><a href=\"#mec-on-stage\">The Canadian Cultural Centre Celebrates MEC&#8217;s 100th<\/a><\/li><li><a href=\"#mec-on-stage-france\">The Cercle France-Am\u00e9riques Celebrates MEC&#8217;s 100th<\/a><\/li><li><strong><a href=\"#resisting-art\">Festival \u2013\u00a0<em>Resisting Through Art: Indigenous Voices of the Americas<\/em><\/a><\/strong><\/li><li><a href=\"#concert-chloe\">Chlo\u00e9 Dumoulin Concert<\/a><\/li><li><a href=\"#concert-gentiane-eng\">Gentiane MG Trio Concert<\/a><\/li><\/ul>\n\n\n\n<div style=\"height:37px\" aria-hidden=\"true\" class=\"wp-block-spacer\"><\/div>\n<\/div>\n\n\n\n<div class=\"wp-block-column\">\n<figure class=\"wp-block-image size-full is-resized\"><img src=\"https:\/\/etudiantscanadiens.org\/app\/uploads\/2026\/01\/programmation-ete-2.png\" alt=\"\" class=\"wp-image-6578\" width=\"370\" height=\"278\" srcset=\"https:\/\/etudiantscanadiens.org\/app\/uploads\/2026\/01\/programmation-ete-2.png 400w, https:\/\/etudiantscanadiens.org\/app\/uploads\/2026\/01\/programmation-ete-2-300x225.png 300w\" sizes=\"(max-width: 370px) 100vw, 370px\" \/><\/figure>\n<\/div>\n<\/div>\n\n\n\n<p><\/p>\n\n\n\n<p><\/p>\n\n\n\n<p><\/p>\n\n\n\n<div class=\"wp-block-media-text alignwide has-media-on-the-right is-stacked-on-mobile\" style=\"grid-template-columns:auto 30%\"><figure class=\"wp-block-media-text__media\"><img width=\"300\" height=\"400\" src=\"https:\/\/etudiantscanadiens.org\/app\/uploads\/2025\/12\/visuel-loading.png\" alt=\"\" class=\"wp-image-6278 size-full\" srcset=\"https:\/\/etudiantscanadiens.org\/app\/uploads\/2025\/12\/visuel-loading.png 300w, https:\/\/etudiantscanadiens.org\/app\/uploads\/2025\/12\/visuel-loading-225x300.png 225w\" sizes=\"(max-width: 300px) 100vw, 300px\" \/><\/figure><div class=\"wp-block-media-text__content\">\n<p class=\"has-text-align-center has-large-font-size\" id=\"concert-kyrian-en\"><strong>The Impressionists in Concert: A Discovery<\/strong><\/p>\n\n\n\n<p class=\"has-text-align-center has-primary-rouge-color has-text-color has-inter-18-bold-font-size\">CONCERT<\/p>\n\n\n\n<p class=\"has-text-align-center\"> A concert by Kyrian Friedenberg, artist-in-residence at the MEC. Featuring works by Ravel, Debussy, Chopin, and Respighi.<\/p>\n\n\n\n<figure class=\"wp-block-pullquote\"><blockquote><p><em>April 7, 8:00pm<\/em><\/p><cite>By<strong> Kyrian Friedenberg <\/strong>(artist-in-residence at the MEC) <\/cite><\/blockquote><\/figure>\n\n\n\n<p><\/p>\n\n\n\n<div class=\"wp-block-buttons is-content-justification-center\">\n<div class=\"wp-block-button\"><a class=\"wp-block-button__link has-primary-rouge-background-color has-background\" href=\"https:\/\/www.helloasso.com\/associations\/maison-des-etudiants-canadiens\/evenements\/concert-de-kyrian-friedenberg-les-impressionnistes\"><strong>Register Here<\/strong><\/a><\/div>\n<\/div>\n<\/div><\/div>\n\n\n\n<div class=\"wp-block-media-text alignwide is-stacked-on-mobile\" style=\"grid-template-columns:30% auto\"><figure class=\"wp-block-media-text__media\"><img width=\"300\" height=\"400\" src=\"https:\/\/etudiantscanadiens.org\/app\/uploads\/2025\/12\/visuel-loading.png\" alt=\"\" class=\"wp-image-6278 size-full\" srcset=\"https:\/\/etudiantscanadiens.org\/app\/uploads\/2025\/12\/visuel-loading.png 300w, https:\/\/etudiantscanadiens.org\/app\/uploads\/2025\/12\/visuel-loading-225x300.png 225w\" sizes=\"(max-width: 300px) 100vw, 300px\" \/><\/figure><div class=\"wp-block-media-text__content\">\n<p class=\"has-text-align-center has-large-font-size\" id=\"mec-on-stage\"><strong>MEC on Stage &#8211; The Canadian<\/strong><\/p>\n\n\n\n<p class=\"has-text-align-center has-large-font-size\" id=\"stone-memory\"><strong> Cultural Centre Celebrates <\/strong><\/p>\n\n\n\n<p class=\"has-text-align-center has-large-font-size\" id=\"stone-memory\"><strong>the MEC&#8217;s 100th Anniversary<\/strong><\/p>\n\n\n\n<p class=\"has-text-align-center has-primary-rouge-color has-text-color has-inter-18-bold-font-size\">SIGNATURE EVENT<\/p>\n\n\n\n<p class=\"has-text-align-center\">A musical reading that will offer a discovery of the MEC through the stories of those who have lived there. Writer Maxime Poignand, author of&nbsp;<em>Les pr\u00e9sents d\u2019hier<\/em>, will present a polyphonic reading of 100 stories about the MEC, accompanied musically by four residents.<\/p>\n\n\n\n<figure class=\"wp-block-pullquote\"><blockquote><p><em>April 9, 8:00 pm<\/em><\/p><cite>by the <strong>Maison des \u00e9tudiants canadiens<\/strong> (Maxime Poignand, Lexie Krakowski \u2013 cellist, Christophe Groulx \u2013 guitarist, Jon Gill \u2013 flutist, Angelo Couto \u2013 guitarist) | in collaboration with the Canadian Cultural Centre and the Embassy of Canada in France<\/cite><\/blockquote><\/figure>\n\n\n\n<p><\/p>\n\n\n\n<div class=\"wp-block-buttons is-content-justification-center\">\n<div class=\"wp-block-button\"><a class=\"wp-block-button__link has-primary-rouge-background-color has-background\" href=\"https:\/\/canada-culture.org\/event\/mec-en-scene\/\"><strong>Register Here<\/strong><\/a><\/div>\n<\/div>\n<\/div><\/div>\n\n\n\n<div class=\"wp-block-media-text alignwide has-media-on-the-right is-stacked-on-mobile\" style=\"grid-template-columns:auto 30%\"><figure class=\"wp-block-media-text__media\"><img width=\"300\" height=\"400\" src=\"https:\/\/etudiantscanadiens.org\/app\/uploads\/2025\/12\/visuel-loading.png\" alt=\"\" class=\"wp-image-6278 size-full\" srcset=\"https:\/\/etudiantscanadiens.org\/app\/uploads\/2025\/12\/visuel-loading.png 300w, https:\/\/etudiantscanadiens.org\/app\/uploads\/2025\/12\/visuel-loading-225x300.png 225w\" sizes=\"(max-width: 300px) 100vw, 300px\" \/><\/figure><div class=\"wp-block-media-text__content\">\n<p class=\"has-text-align-center has-large-font-size\" id=\"mec-on-stage-france\"><strong>MEC on Stage &#8211; Cercle France-<\/strong><\/p>\n\n\n\n<p class=\"has-text-align-center has-large-font-size\" id=\"mec-on-stage\"><strong>Am\u00e9riques<\/strong> <strong>Celebrates the <\/strong><\/p>\n\n\n\n<p class=\"has-text-align-center has-large-font-size\" id=\"mec-on-stage\"><strong>MEC&#8217;s 100th Anniversary<\/strong><\/p>\n\n\n\n<p class=\"has-text-align-center has-primary-rouge-color has-text-color has-inter-18-bold-font-size\">SIGNATURE EVENT<\/p>\n\n\n\n<p class=\"has-text-align-center\">A musical reading that will offer a discovery of the MEC through the stories of those who have lived there. Writer Maxime Poignand, author of&nbsp;<em>Les pr\u00e9sents d\u2019hier<\/em>, will present a polyphonic reading of 100 stories about the MEC, accompanied musically by four residents.<\/p>\n\n\n\n<figure class=\"wp-block-pullquote\"><blockquote><p><em>April 13, 7:00 pm<\/em><\/p><cite>by the <strong>Maison des \u00e9tudiants canadiens<\/strong> (Maxime Poignand, Lexie Krakowski \u2013 cellist, Christophe Groulx \u2013 guitarist, Jon Gill \u2013 flutist, Angelo Couto \u2013 guitarist) | in collaboration with Cercle France-Am\u00e9riques<\/cite><\/blockquote><\/figure>\n\n\n\n<p><\/p>\n\n\n\n<div class=\"wp-block-buttons is-content-justification-center\">\n<div class=\"wp-block-button\"><a class=\"wp-block-button__link has-primary-rouge-background-color has-background\"><strong>Register Here<\/strong><\/a><\/div>\n<\/div>\n<\/div><\/div>\n\n\n\n<p><\/p>\n\n\n\n<div class=\"wp-block-media-text alignwide is-stacked-on-mobile\" style=\"grid-template-columns:30% auto\"><figure class=\"wp-block-media-text__media\"><img width=\"300\" height=\"400\" src=\"https:\/\/etudiantscanadiens.org\/app\/uploads\/2025\/12\/visuel-loading.png\" alt=\"\" class=\"wp-image-6278 size-full\" srcset=\"https:\/\/etudiantscanadiens.org\/app\/uploads\/2025\/12\/visuel-loading.png 300w, https:\/\/etudiantscanadiens.org\/app\/uploads\/2025\/12\/visuel-loading-225x300.png 225w\" sizes=\"(max-width: 300px) 100vw, 300px\" \/><\/figure><div class=\"wp-block-media-text__content\">\n<p class=\"has-text-align-center has-large-font-size\" id=\"resisting-art\"><strong>Resisting Through Art : Indigenous Voices of the Americas<\/strong><\/p>\n\n\n\n<p class=\"has-text-align-center has-primary-rouge-color has-text-color has-inter-18-bold-font-size\">SIGNATURE EVENT<\/p>\n\n\n\n<p class=\"has-text-align-center\"><em>&nbsp;Conferences, exhibitions, screenings, and roundtables will showcase works, perspectives, and stories that highlight the resilience of Indigenous peoples in the face of historical, cultural, and political challenges.<\/em><\/p>\n\n\n\n<figure class=\"wp-block-pullquote\"><blockquote><p><em>April 12 to 1<\/em>6<\/p><cite>By <strong>Jon Gill et Marianne Stinzi <\/strong>(residents) | In collaboration with the United States Foundation, the Brazilian House and the Mexican House<\/cite><\/blockquote><\/figure>\n\n\n\n<p><\/p>\n\n\n\n<div class=\"wp-block-buttons is-content-justification-center\">\n<div class=\"wp-block-button\"><a class=\"wp-block-button__link has-primary-rouge-background-color has-background\" href=\"https:\/\/www.citescope.fr\/evenement\/resister-a-travers-lart-voix-autochtones-des-ameriques\/\"><strong>Full Program<\/strong><\/a><\/div>\n<\/div>\n<\/div><\/div>\n\n\n\n<div class=\"wp-block-media-text alignwide has-media-on-the-right is-stacked-on-mobile\" style=\"grid-template-columns:auto 30%\"><figure class=\"wp-block-media-text__media\"><img width=\"300\" height=\"400\" src=\"https:\/\/etudiantscanadiens.org\/app\/uploads\/2025\/12\/visuel-loading.png\" alt=\"\" class=\"wp-image-6278 size-full\" srcset=\"https:\/\/etudiantscanadiens.org\/app\/uploads\/2025\/12\/visuel-loading.png 300w, https:\/\/etudiantscanadiens.org\/app\/uploads\/2025\/12\/visuel-loading-225x300.png 225w\" sizes=\"(max-width: 300px) 100vw, 300px\" \/><\/figure><div class=\"wp-block-media-text__content\">\n<p class=\"has-text-align-center has-large-font-size\" id=\"concert-gentiane-eng\"><strong>Gentiane MG Trio<\/strong> <strong>Concert<\/strong><\/p>\n\n\n\n<p class=\"has-text-align-center has-primary-rouge-color has-text-color has-inter-18-bold-font-size\">CONCERT<\/p>\n\n\n\n<p class=\"has-text-align-center\"><em>With Gentiane MG on piano, accompanied by double bass and drums, the trio will deliver a performance that is both intricate and deeply moving \u2014 a journey through the dazzling soundscapes of her latest album,&nbsp;<em>Walls Made of Glass<\/em>.<\/em><\/p>\n\n\n\n<figure class=\"wp-block-pullquote\"><blockquote><p>April 22, 7:30 pm<\/p><cite>By <strong>Gentiane Michaud-Gagnon <\/strong>(pianist and composer) | In collaboration with<strong> Levi Dover <\/strong>(bassist) and <strong>Mark Nelson <\/strong>(drummer)<\/cite><\/blockquote><\/figure>\n\n\n\n<p><\/p>\n\n\n\n<div class=\"wp-block-buttons is-content-justification-center\">\n<div class=\"wp-block-button\"><a class=\"wp-block-button__link has-primary-rouge-background-color has-background\" href=\"https:\/\/www.helloasso.com\/associations\/maison-des-etudiants-canadiens\/evenements\/gentiane-mg-trio\"><strong>Register Here<\/strong><\/a><\/div>\n<\/div>\n<\/div><\/div>\n\n\n\n<div class=\"wp-block-media-text alignwide is-stacked-on-mobile\" style=\"grid-template-columns:30% auto\"><figure class=\"wp-block-media-text__media\"><img width=\"300\" height=\"400\" src=\"https:\/\/etudiantscanadiens.org\/app\/uploads\/2025\/12\/visuel-loading.png\" alt=\"\" class=\"wp-image-6278 size-full\" srcset=\"https:\/\/etudiantscanadiens.org\/app\/uploads\/2025\/12\/visuel-loading.png 300w, https:\/\/etudiantscanadiens.org\/app\/uploads\/2025\/12\/visuel-loading-225x300.png 225w\" sizes=\"(max-width: 300px) 100vw, 300px\" \/><\/figure><div class=\"wp-block-media-text__content\">\n<p class=\"has-text-align-center has-large-font-size\" id=\"concert-chloe\"><strong>Chlo\u00e9 Dumoulin Concert<\/strong><\/p>\n\n\n\n<p class=\"has-text-align-center has-primary-rouge-color has-text-color has-inter-18-bold-font-size\">CONCERT<\/p>\n\n\n\n<p class=\"has-text-align-center\"><em>Named among the\u00a0<strong>\u201c30 hottest Canadian classical musicians under 30\u201d<\/strong>\u00a0by CBC, pianist\u00a0<strong>Chlo\u00e9 Dumoulin<\/strong>\u00a0is establishing herself as one of the most promising artists of her generation. During her time in Paris, she will give an exceptional concert at the MEC.<\/em><\/p>\n\n\n\n<figure class=\"wp-block-pullquote\"><blockquote><p>April 21, 8:00 pm<\/p><cite>By <strong>Chlo\u00e9 Dumoulin (pianist)<\/strong><\/cite><\/blockquote><\/figure>\n\n\n\n<p><\/p>\n\n\n\n<div class=\"wp-block-buttons is-content-justification-center\">\n<div class=\"wp-block-button\"><a class=\"wp-block-button__link has-primary-rouge-background-color has-background\" href=\"https:\/\/www.helloasso.com\/associations\/maison-des-etudiants-canadiens\/evenements\/concert-chloe-dumoulin\"><strong>Register Here<\/strong><\/a><\/div>\n<\/div>\n<\/div><\/div>\n\n\n\n<div style=\"height:67px\" aria-hidden=\"true\" class=\"wp-block-spacer\"><\/div>\n\n\n\n<h2 class=\"has-text-align-center\" id=\"may\">May<\/h2>\n\n\n\n<div class=\"wp-block-columns\">\n<div class=\"wp-block-column\">\n<div class=\"wp-block-image\"><figure class=\"alignright size-full is-resized\"><img src=\"https:\/\/etudiantscanadiens.org\/app\/uploads\/2026\/01\/programmation-ete.png\" alt=\"\" class=\"wp-image-6576\" width=\"248\" height=\"186\" srcset=\"https:\/\/etudiantscanadiens.org\/app\/uploads\/2026\/01\/programmation-ete.png 400w, https:\/\/etudiantscanadiens.org\/app\/uploads\/2026\/01\/programmation-ete-300x225.png 300w\" sizes=\"(max-width: 248px) 100vw, 248px\" \/><\/figure><\/div>\n<\/div>\n\n\n\n<div class=\"wp-block-column\">\n<div style=\"height:44px\" aria-hidden=\"true\" class=\"wp-block-spacer\"><\/div>\n\n\n\n<ul class=\"has-inter-18-bold-font-size\"><li><a href=\"#expo-strates-eng\">Strates : Residents Exhibition<\/a><\/li><li><a href=\"#demo-lacrosse-eng\">Lacrosse Demonstration<\/a><\/li><\/ul>\n\n\n\n<div style=\"height:42px\" aria-hidden=\"true\" class=\"wp-block-spacer\"><\/div>\n<\/div>\n\n\n\n<div class=\"wp-block-column\">\n<figure class=\"wp-block-image size-full is-resized\"><img src=\"https:\/\/etudiantscanadiens.org\/app\/uploads\/2026\/01\/programmation-ete-2.png\" alt=\"\" class=\"wp-image-6578\" width=\"248\" height=\"186\" srcset=\"https:\/\/etudiantscanadiens.org\/app\/uploads\/2026\/01\/programmation-ete-2.png 400w, https:\/\/etudiantscanadiens.org\/app\/uploads\/2026\/01\/programmation-ete-2-300x225.png 300w\" sizes=\"(max-width: 248px) 100vw, 248px\" \/><\/figure>\n<\/div>\n<\/div>\n\n\n\n<p><\/p>\n\n\n\n<div class=\"wp-block-media-text alignwide has-media-on-the-right is-stacked-on-mobile\" style=\"grid-template-columns:auto 30%\"><figure class=\"wp-block-media-text__media\"><img width=\"300\" height=\"400\" src=\"https:\/\/etudiantscanadiens.org\/app\/uploads\/2025\/12\/visuel-loading.png\" alt=\"\" class=\"wp-image-6278 size-full\" srcset=\"https:\/\/etudiantscanadiens.org\/app\/uploads\/2025\/12\/visuel-loading.png 300w, https:\/\/etudiantscanadiens.org\/app\/uploads\/2025\/12\/visuel-loading-225x300.png 225w\" sizes=\"(max-width: 300px) 100vw, 300px\" \/><\/figure><div class=\"wp-block-media-text__content\">\n<p class=\"has-text-align-center has-large-font-size\" id=\"expo-strates-eng\">Residents Exhibition : <strong>Strates<\/strong><\/p>\n\n\n\n<p class=\"has-text-align-center has-primary-rouge-color has-text-color has-inter-18-bold-font-size\">EXHIBITION<\/p>\n\n\n\n<p class=\"has-text-align-center\"> Installations, photographs, performances, and digital creations explore the successive layers that have shaped a century of collective life. By creating a dialogue between past and present,&nbsp;<em>Strates<\/em>&nbsp;reveals the MEC as a place where human experiences accumulate and transform.<\/p>\n\n\n\n<figure class=\"wp-block-pullquote\"><blockquote><p>Opening &#8211; <em>May <\/em>5<\/p><p>Closing &#8211; <em>June<\/em> 17<\/p><cite>By <strong>B\u00e9atrice Lafaille and Marion Bour <\/strong>(residents)<\/cite><\/blockquote><\/figure>\n\n\n\n<p><\/p>\n\n\n\n<div class=\"wp-block-buttons is-content-justification-center\">\n<div class=\"wp-block-button\"><a class=\"wp-block-button__link has-primary-rouge-background-color has-background\"><strong>Register Here<\/strong><\/a><\/div>\n<\/div>\n<\/div><\/div>\n\n\n\n<p><\/p>\n\n\n\n<div class=\"wp-block-media-text alignwide is-stacked-on-mobile\" style=\"grid-template-columns:30% auto\"><figure class=\"wp-block-media-text__media\"><img width=\"300\" height=\"400\" src=\"https:\/\/etudiantscanadiens.org\/app\/uploads\/2025\/12\/visuel-loading.png\" alt=\"\" class=\"wp-image-6278 size-full\" srcset=\"https:\/\/etudiantscanadiens.org\/app\/uploads\/2025\/12\/visuel-loading.png 300w, https:\/\/etudiantscanadiens.org\/app\/uploads\/2025\/12\/visuel-loading-225x300.png 225w\" sizes=\"(max-width: 300px) 100vw, 300px\" \/><\/figure><div class=\"wp-block-media-text__content\">\n<p class=\"has-text-align-center has-large-font-size\" id=\"demo-lacrosse-eng\"><strong>Lacrosse<\/strong> <strong>Demonstration<\/strong><\/p>\n\n\n\n<p class=\"has-text-align-center has-primary-rouge-color has-text-color has-inter-18-bold-font-size\">FESTIVAL<\/p>\n\n\n\n<p class=\"has-text-align-center\"> As part of the F\u00eate de la Cit\u00e9 (May 22\u201324), we will offer a lacrosse demonstration \u2014 Canada\u2019s national summer sport \u2014 for all residents of the Cit\u00e9.<\/p>\n\n\n\n<figure class=\"wp-block-pullquote\"><blockquote><p><em>May 23<\/em>, 4pm<\/p><cite>In collaboration with the France-Canada Association &amp; Club Phoenix Paris Lacrosse<\/cite><\/blockquote><\/figure>\n\n\n\n<p><\/p>\n\n\n\n<div class=\"wp-block-buttons is-content-justification-center\">\n<div class=\"wp-block-button\"><a class=\"wp-block-button__link has-primary-rouge-background-color has-background\"><strong>Register Here<\/strong><\/a><\/div>\n<\/div>\n<\/div><\/div>\n\n\n\n<div style=\"height:100px\" aria-hidden=\"true\" class=\"wp-block-spacer\"><\/div>\n\n\n\n<h2 class=\"has-text-align-center\" id=\"june\">June<\/h2>\n\n\n\n<div class=\"wp-block-columns\">\n<div class=\"wp-block-column\">\n<div class=\"wp-block-image\"><figure class=\"alignright size-full is-resized\"><img src=\"https:\/\/etudiantscanadiens.org\/app\/uploads\/2026\/01\/programmation-ete.png\" alt=\"\" class=\"wp-image-6576\" width=\"241\" height=\"179\"\/><\/figure><\/div>\n<\/div>\n\n\n\n<div class=\"wp-block-column\">\n<div style=\"height:42px\" aria-hidden=\"true\" class=\"wp-block-spacer\"><\/div>\n\n\n\n<ul class=\"has-inter-18-bold-font-size\"><li><a href=\"#expo-promesses-eng\">Promesses et dissolution Exhibition<\/a><\/li><li><a href=\"#lancement-montreal-eng\">Centenary Launch in Canada<\/a><\/li><\/ul>\n\n\n\n<div style=\"height:23px\" aria-hidden=\"true\" class=\"wp-block-spacer\"><\/div>\n<\/div>\n\n\n\n<div class=\"wp-block-column\">\n<figure class=\"wp-block-image size-full is-resized\"><img src=\"https:\/\/etudiantscanadiens.org\/app\/uploads\/2026\/01\/programmation-ete-2.png\" alt=\"\" class=\"wp-image-6578\" width=\"253\" height=\"190\" srcset=\"https:\/\/etudiantscanadiens.org\/app\/uploads\/2026\/01\/programmation-ete-2.png 400w, https:\/\/etudiantscanadiens.org\/app\/uploads\/2026\/01\/programmation-ete-2-300x225.png 300w\" sizes=\"(max-width: 253px) 100vw, 253px\" \/><\/figure>\n<\/div>\n<\/div>\n\n\n\n<div style=\"height:41px\" aria-hidden=\"true\" class=\"wp-block-spacer\"><\/div>\n\n\n\n<div class=\"wp-block-media-text alignwide has-media-on-the-right is-stacked-on-mobile\" style=\"grid-template-columns:auto 30%\"><figure class=\"wp-block-media-text__media\"><img width=\"300\" height=\"400\" src=\"https:\/\/etudiantscanadiens.org\/app\/uploads\/2025\/12\/visuel-loading.png\" alt=\"\" class=\"wp-image-6278 size-full\" srcset=\"https:\/\/etudiantscanadiens.org\/app\/uploads\/2025\/12\/visuel-loading.png 300w, https:\/\/etudiantscanadiens.org\/app\/uploads\/2025\/12\/visuel-loading-225x300.png 225w\" sizes=\"(max-width: 300px) 100vw, 300px\" \/><\/figure><div class=\"wp-block-media-text__content\">\n<p class=\"has-text-align-center has-large-font-size\" id=\"expo-promesses-eng\"><strong>Promesses et dissolution<\/strong><\/p>\n\n\n\n<p class=\"has-text-align-center has-primary-rouge-color has-text-color has-inter-18-bold-font-size\">EXHIBITION<\/p>\n\n\n\n<p class=\"has-text-align-center\">Working with paper as her medium, Julie will combine significant works she has already created with pieces assembled from materials repurposed at the MEC.<\/p>\n\n\n\n<figure class=\"wp-block-pullquote\"><blockquote><p>Opening &#8211; <em>June 23, 7:30 pm<\/em><\/p><p><em>Closing &#8211; August 27<\/em><\/p><cite>By <strong>Julie Picard<\/strong> (visual artist and sculpter)<\/cite><\/blockquote><\/figure>\n\n\n\n<p><\/p>\n\n\n\n<div class=\"wp-block-buttons is-content-justification-center\">\n<div class=\"wp-block-button\"><a class=\"wp-block-button__link has-primary-rouge-background-color has-background\"><strong>Register Here<\/strong><\/a><\/div>\n<\/div>\n<\/div><\/div>\n\n\n\n<div class=\"wp-block-media-text alignwide is-stacked-on-mobile\" style=\"grid-template-columns:30% auto\"><figure class=\"wp-block-media-text__media\"><img width=\"300\" height=\"400\" src=\"https:\/\/etudiantscanadiens.org\/app\/uploads\/2025\/12\/visuel-loading.png\" alt=\"\" class=\"wp-image-6278 size-full\" srcset=\"https:\/\/etudiantscanadiens.org\/app\/uploads\/2025\/12\/visuel-loading.png 300w, https:\/\/etudiantscanadiens.org\/app\/uploads\/2025\/12\/visuel-loading-225x300.png 225w\" sizes=\"(max-width: 300px) 100vw, 300px\" \/><\/figure><div class=\"wp-block-media-text__content\">\n<p class=\"has-text-align-center has-large-font-size\" id=\"lancement-montreal-eng\"><strong>Centennial events in <\/strong><\/p>\n\n\n\n<p class=\"has-text-align-center has-large-font-size\" id=\"lancement-montreal-eng\"><strong>Toronto, Ottawa,<\/strong> <\/p>\n\n\n\n<p class=\"has-text-align-center has-large-font-size\" id=\"lancement-montreal-eng\"><strong>Quebec, Montreal<\/strong><\/p>\n\n\n\n<p class=\"has-text-align-center has-primary-rouge-color has-text-color has-inter-18-bold-font-size\">SIGNATURE EVENTS<\/p>\n\n\n\n<p class=\"has-text-align-center\"> Together with MEC Friends and special guests, the MEC will celebrate its centennial in four Canadian cities. The event will include the launch of the&nbsp;<em>100 Stories<\/em>&nbsp;book and the presentation of audiovisual projects created for the occasion.<\/p>\n\n\n\n<figure class=\"wp-block-pullquote\"><blockquote><p><em>June 2 to <\/em>10<\/p><cite>By the Canadian House<\/cite><\/blockquote><\/figure>\n\n\n\n<p><\/p>\n\n\n\n<div class=\"wp-block-buttons is-content-justification-center\">\n<div class=\"wp-block-button\"><a class=\"wp-block-button__link has-primary-rouge-background-color has-background\"><strong>Register Here<\/strong><\/a><\/div>\n<\/div>\n<\/div><\/div>\n\n\n\n<div style=\"height:77px\" aria-hidden=\"true\" class=\"wp-block-spacer\"><\/div>\n\n\n\n<h2 class=\"has-text-align-center\" id=\"july\">July<\/h2>\n\n\n\n<div class=\"wp-block-columns\">\n<div class=\"wp-block-column\">\n<div class=\"wp-block-image\"><figure class=\"alignright size-full is-resized\"><img src=\"https:\/\/etudiantscanadiens.org\/app\/uploads\/2026\/01\/programmation-printemps.png\" alt=\"\" class=\"wp-image-6572\" width=\"223\" height=\"167\" srcset=\"https:\/\/etudiantscanadiens.org\/app\/uploads\/2026\/01\/programmation-printemps.png 400w, https:\/\/etudiantscanadiens.org\/app\/uploads\/2026\/01\/programmation-printemps-300x225.png 300w\" sizes=\"(max-width: 223px) 100vw, 223px\" \/><\/figure><\/div>\n<\/div>\n\n\n\n<div class=\"wp-block-column\">\n<div style=\"height:65px\" aria-hidden=\"true\" class=\"wp-block-spacer\"><\/div>\n\n\n\n<p class=\"has-text-align-center\">Upcoming Programming.<\/p>\n\n\n\n<div style=\"height:66px\" aria-hidden=\"true\" class=\"wp-block-spacer\"><\/div>\n<\/div>\n\n\n\n<div class=\"wp-block-column\">\n<div class=\"wp-block-image\"><figure class=\"alignleft size-full is-resized\"><img src=\"https:\/\/etudiantscanadiens.org\/app\/uploads\/2026\/01\/programmation-printemps-2.png\" alt=\"\" class=\"wp-image-6574\" width=\"232\" height=\"174\" srcset=\"https:\/\/etudiantscanadiens.org\/app\/uploads\/2026\/01\/programmation-printemps-2.png 400w, https:\/\/etudiantscanadiens.org\/app\/uploads\/2026\/01\/programmation-printemps-2-300x225.png 300w\" sizes=\"(max-width: 232px) 100vw, 232px\" \/><\/figure><\/div>\n<\/div>\n<\/div>\n\n\n\n<div style=\"height:77px\" aria-hidden=\"true\" class=\"wp-block-spacer\"><\/div>\n\n\n\n<h2 class=\"has-text-align-center\" id=\"august\">August<\/h2>\n\n\n\n<div class=\"wp-block-columns\">\n<div class=\"wp-block-column\">\n<div class=\"wp-block-image\"><figure class=\"alignright size-full is-resized\"><img src=\"https:\/\/etudiantscanadiens.org\/app\/uploads\/2026\/01\/programmation-printemps.png\" alt=\"\" class=\"wp-image-6572\" width=\"234\" height=\"175\" srcset=\"https:\/\/etudiantscanadiens.org\/app\/uploads\/2026\/01\/programmation-printemps.png 400w, https:\/\/etudiantscanadiens.org\/app\/uploads\/2026\/01\/programmation-printemps-300x225.png 300w\" sizes=\"(max-width: 234px) 100vw, 234px\" \/><\/figure><\/div>\n<\/div>\n\n\n\n<div class=\"wp-block-column\">\n<div style=\"height:63px\" aria-hidden=\"true\" class=\"wp-block-spacer\"><\/div>\n\n\n\n<p class=\"has-text-align-center\">Upcoming Programming.<\/p>\n\n\n\n<div style=\"height:66px\" aria-hidden=\"true\" class=\"wp-block-spacer\"><\/div>\n<\/div>\n\n\n\n<div class=\"wp-block-column\">\n<div class=\"wp-block-image\"><figure class=\"alignleft size-full is-resized\"><img src=\"https:\/\/etudiantscanadiens.org\/app\/uploads\/2026\/01\/programmation-printemps-2.png\" alt=\"\" class=\"wp-image-6574\" width=\"230\" height=\"170\"\/><\/figure><\/div>\n<\/div>\n<\/div>\n\n\n\n<div style=\"height:77px\" aria-hidden=\"true\" class=\"wp-block-spacer\"><\/div>\n\n\n\n<h2 class=\"has-text-align-center\" id=\"september\">September<\/h2>\n\n\n\n<div class=\"wp-block-columns\">\n<div class=\"wp-block-column\">\n<div class=\"wp-block-image\"><figure class=\"alignright size-full is-resized\"><img src=\"https:\/\/etudiantscanadiens.org\/app\/uploads\/2026\/01\/programmation-printemps.png\" alt=\"\" class=\"wp-image-6572\" width=\"245\" height=\"184\" srcset=\"https:\/\/etudiantscanadiens.org\/app\/uploads\/2026\/01\/programmation-printemps.png 400w, https:\/\/etudiantscanadiens.org\/app\/uploads\/2026\/01\/programmation-printemps-300x225.png 300w\" sizes=\"(max-width: 245px) 100vw, 245px\" \/><\/figure><\/div>\n<\/div>\n\n\n\n<div class=\"wp-block-column\">\n<div style=\"height:57px\" aria-hidden=\"true\" class=\"wp-block-spacer\"><\/div>\n\n\n\n<ul class=\"has-inter-18-bold-font-size\"><li><a href=\"#ab-ora-eng\">Exhibition \u2013&nbsp;<em>Ab Ora Maris ad Oram<\/em>: 100 Years of Student Encounters<\/a><\/li><\/ul>\n\n\n\n<div style=\"height:57px\" aria-hidden=\"true\" class=\"wp-block-spacer\"><\/div>\n<\/div>\n\n\n\n<div class=\"wp-block-column\">\n<figure class=\"wp-block-image size-full is-resized\"><img src=\"https:\/\/etudiantscanadiens.org\/app\/uploads\/2026\/01\/programmation-printemps-2.png\" alt=\"\" class=\"wp-image-6574\" width=\"257\" height=\"193\" srcset=\"https:\/\/etudiantscanadiens.org\/app\/uploads\/2026\/01\/programmation-printemps-2.png 400w, https:\/\/etudiantscanadiens.org\/app\/uploads\/2026\/01\/programmation-printemps-2-300x225.png 300w\" sizes=\"(max-width: 257px) 100vw, 257px\" \/><\/figure>\n<\/div>\n<\/div>\n\n\n\n<div style=\"height:35px\" aria-hidden=\"true\" class=\"wp-block-spacer\"><\/div>\n\n\n\n<div class=\"wp-block-media-text alignwide has-media-on-the-right is-stacked-on-mobile\" style=\"grid-template-columns:auto 30%\"><figure class=\"wp-block-media-text__media\"><img width=\"300\" height=\"400\" src=\"https:\/\/etudiantscanadiens.org\/app\/uploads\/2025\/12\/visuel-loading.png\" alt=\"\" class=\"wp-image-6278 size-full\" srcset=\"https:\/\/etudiantscanadiens.org\/app\/uploads\/2025\/12\/visuel-loading.png 300w, https:\/\/etudiantscanadiens.org\/app\/uploads\/2025\/12\/visuel-loading-225x300.png 225w\" sizes=\"(max-width: 300px) 100vw, 300px\" \/><\/figure><div class=\"wp-block-media-text__content\">\n<p class=\"has-text-align-center has-large-font-size\" id=\"ab-ora-eng\"><strong>Ab ora maris ad moram &#8211; <\/strong><\/p>\n\n\n\n<p class=\"has-text-align-center has-large-font-size\" id=\"ab-ora-eng\"><strong>100 Years of Student Encounters<\/strong><\/p>\n\n\n\n<p class=\"has-text-align-center has-primary-rouge-color has-text-color has-inter-18-bold-font-size\">EXHIBITION<\/p>\n\n\n\n<p class=\"has-text-align-center\"> Echoing Canada\u2019s motto, this exhibition project, titled&nbsp;<em>Ab ora maris ad oram<\/em>&nbsp;or \u201cFrom Sea to Sea,\u201d aims to highlight the transatlantic historical and cultural ties between France and Canada. It showcases a collection of both old and recent works that illustrate the importance of Canada\u2019s contribution to the intellectual, artistic, and cultural life of the Francophonie.<\/p>\n\n\n\n<figure class=\"wp-block-pullquote\"><blockquote><p><em>Opening &#8211; September <\/em>16<\/p><p>Closing &#8211; November 4<\/p><cite>By <strong>Olivier Lalibert\u00e9<\/strong> (bookseller and exhibition curator), <strong>Alexis Charrier<\/strong> (artist in residence), <strong>Alexis Lacasse<\/strong> (Researcher) | In collaboration with La Talle Bookstore (Qu\u00e9bec)<\/cite><\/blockquote><\/figure>\n\n\n\n<p><\/p>\n\n\n\n<div class=\"wp-block-buttons is-content-justification-center\">\n<div class=\"wp-block-button\"><a class=\"wp-block-button__link has-primary-rouge-background-color has-background\"><strong>Register Here<\/strong><\/a><\/div>\n<\/div>\n<\/div><\/div>\n\n\n\n<div style=\"height:83px\" aria-hidden=\"true\" class=\"wp-block-spacer\"><\/div>\n\n\n\n<h2 class=\"has-text-align-center\" id=\"october\">October<\/h2>\n\n\n\n<div class=\"wp-block-columns\">\n<div class=\"wp-block-column\">\n<div class=\"wp-block-image\"><figure class=\"alignright size-full is-resized\"><img src=\"https:\/\/etudiantscanadiens.org\/app\/uploads\/2026\/01\/programmation-automne.png\" alt=\"\" class=\"wp-image-6580\" width=\"261\" height=\"196\" srcset=\"https:\/\/etudiantscanadiens.org\/app\/uploads\/2026\/01\/programmation-automne.png 400w, https:\/\/etudiantscanadiens.org\/app\/uploads\/2026\/01\/programmation-automne-300x225.png 300w\" sizes=\"(max-width: 261px) 100vw, 261px\" \/><\/figure><\/div>\n<\/div>\n\n\n\n<div class=\"wp-block-column\">\n<div style=\"height:15px\" aria-hidden=\"true\" class=\"wp-block-spacer\"><\/div>\n\n\n\n<ul class=\"has-inter-18-bold-font-size\"><li><a href=\"#concert-auguste-eng\">Jazz at the Cit\u00e9 &#8211; Auguste Quartet<\/a><\/li><li><a href=\"#cent-paris\">Centenary Festivities in Paris<\/a><\/li><li><a href=\"#lit-coloc\">Symposium : A Century of Transatlantic Francophonie &#8211; the MEC as a Hub of Cultural Diplomacy (1926-2026)<\/a><\/li><li><strong><a href=\"#stone-memory\">Architecture Exhibition \u2013\u00a0<em>Stone and Memory<\/em><\/a><\/strong><\/li><\/ul>\n\n\n\n<div style=\"height:41px\" aria-hidden=\"true\" class=\"wp-block-spacer\"><\/div>\n<\/div>\n\n\n\n<div class=\"wp-block-column\">\n<figure class=\"wp-block-image size-full is-resized\"><img src=\"https:\/\/etudiantscanadiens.org\/app\/uploads\/2026\/01\/programmation-automne-2.png\" alt=\"\" class=\"wp-image-6582\" width=\"268\" height=\"201\" srcset=\"https:\/\/etudiantscanadiens.org\/app\/uploads\/2026\/01\/programmation-automne-2.png 400w, https:\/\/etudiantscanadiens.org\/app\/uploads\/2026\/01\/programmation-automne-2-300x225.png 300w\" sizes=\"(max-width: 268px) 100vw, 268px\" \/><\/figure>\n<\/div>\n<\/div>\n\n\n\n<div style=\"height:60px\" aria-hidden=\"true\" class=\"wp-block-spacer\"><\/div>\n\n\n\n<div class=\"wp-block-media-text alignwide is-stacked-on-mobile\" style=\"grid-template-columns:30% auto\"><figure class=\"wp-block-media-text__media\"><img width=\"300\" height=\"400\" src=\"https:\/\/etudiantscanadiens.org\/app\/uploads\/2025\/12\/visuel-loading.png\" alt=\"\" class=\"wp-image-6278 size-full\" srcset=\"https:\/\/etudiantscanadiens.org\/app\/uploads\/2025\/12\/visuel-loading.png 300w, https:\/\/etudiantscanadiens.org\/app\/uploads\/2025\/12\/visuel-loading-225x300.png 225w\" sizes=\"(max-width: 300px) 100vw, 300px\" \/><\/figure><div class=\"wp-block-media-text__content\">\n<p class=\"has-text-align-center has-large-font-size\" id=\"concert-auguste-eng\"><strong>Auguste Quartet<\/strong> <strong>Concert<\/strong><\/p>\n\n\n\n<p class=\"has-text-align-center has-primary-rouge-color has-text-color has-inter-18-bold-font-size\">FESTIVAL<\/p>\n\n\n\n<p class=\"has-text-align-center\"> The group continues its journey with a new album,&nbsp;<em>Particules Sonores<\/em>&nbsp;(also acclaimed by&nbsp;<em>Couleurs Jazz<\/em>&nbsp;as \u201cBest Album\u201d), an elusive and timeless project that they will present at the MEC during the 16th edition of the Jazz \u00e0 la Cit\u00e9 festival.<\/p>\n\n\n\n<figure class=\"wp-block-pullquote\"><blockquote><p><em>Octob<\/em>er 6, 7:30 pm<\/p><cite>By <strong>Alain B\u00e9dard <\/strong>(double bass),<strong> Erik Hove <\/strong>(saxophonist),<strong> Marie-Fatima Rudolf <\/strong>(pianist),<strong> Michel Lambert <\/strong>(drummer)<\/cite><\/blockquote><\/figure>\n\n\n\n<p><\/p>\n\n\n\n<div class=\"wp-block-buttons is-content-justification-center\">\n<div class=\"wp-block-button\"><a class=\"wp-block-button__link has-primary-rouge-background-color has-background\" href=\"https:\/\/www.helloasso.com\/associations\/maison-des-etudiants-canadiens\/evenements\/auguste-quartet-1\"><strong>Register Here<\/strong><\/a><\/div>\n<\/div>\n<\/div><\/div>\n\n\n\n<div class=\"wp-block-media-text alignwide has-media-on-the-right is-stacked-on-mobile\" style=\"grid-template-columns:auto 30%\"><figure class=\"wp-block-media-text__media\"><img width=\"300\" height=\"400\" src=\"https:\/\/etudiantscanadiens.org\/app\/uploads\/2025\/12\/visuel-loading.png\" alt=\"\" class=\"wp-image-6278 size-full\" srcset=\"https:\/\/etudiantscanadiens.org\/app\/uploads\/2025\/12\/visuel-loading.png 300w, https:\/\/etudiantscanadiens.org\/app\/uploads\/2025\/12\/visuel-loading-225x300.png 225w\" sizes=\"(max-width: 300px) 100vw, 300px\" \/><\/figure><div class=\"wp-block-media-text__content\">\n<p class=\"has-text-align-center has-large-font-size\" id=\"cent-paris\"><strong>Centenary Festivities in Paris<\/strong><\/p>\n\n\n\n<p class=\"has-text-align-center has-primary-rouge-color has-text-color has-inter-18-bold-font-size\">SIGNATURE EVENTS<\/p>\n\n\n\n<p class=\"has-text-align-center\">Receptions at the Embassy of Canada and the Qu\u00e9bec Delegation in Paris<\/p>\n\n\n\n<figure class=\"wp-block-pullquote\"><blockquote><p><em>October 11 to 17<\/em><\/p><cite>By <strong>the Canadian house<\/strong><\/cite><\/blockquote><\/figure>\n\n\n\n<p><\/p>\n\n\n\n<div class=\"wp-block-buttons is-content-justification-center\">\n<div class=\"wp-block-button\"><a class=\"wp-block-button__link has-primary-rouge-background-color has-background\"><strong>Register Here<\/strong><\/a><\/div>\n<\/div>\n<\/div><\/div>\n\n\n\n<div class=\"wp-block-media-text alignwide is-stacked-on-mobile\" style=\"grid-template-columns:30% auto\"><figure class=\"wp-block-media-text__media\"><img width=\"300\" height=\"400\" src=\"https:\/\/etudiantscanadiens.org\/app\/uploads\/2025\/12\/visuel-loading.png\" alt=\"\" class=\"wp-image-6278 size-full\" srcset=\"https:\/\/etudiantscanadiens.org\/app\/uploads\/2025\/12\/visuel-loading.png 300w, https:\/\/etudiantscanadiens.org\/app\/uploads\/2025\/12\/visuel-loading-225x300.png 225w\" sizes=\"(max-width: 300px) 100vw, 300px\" \/><\/figure><div class=\"wp-block-media-text__content\">\n<p class=\"has-text-align-center has-large-font-size\" id=\"lit-coloc\"><strong>Symposium : A Century of<\/strong><\/p>\n\n\n\n<p class=\"has-text-align-center has-large-font-size\" id=\"lit-coloc\"><strong> Transatlantic Francophonie <\/strong><\/p>\n\n\n\n<p class=\"has-text-align-center has-large-font-size\" id=\"lit-coloc\"><strong>&#8211; the MEC as a <\/strong><\/p>\n\n\n\n<p class=\"has-text-align-center has-large-font-size\" id=\"lit-coloc\"><strong>Hub of Cultural Diplomacy<\/strong><\/p>\n\n\n\n<p class=\"has-text-align-center has-primary-rouge-color has-text-color has-inter-18-bold-font-size\">SIGNATURE EVENT<\/p>\n\n\n\n<p class=\"has-text-align-center\"><em>This event aims to bring together professors, researchers, doctoral students, and other professionals from the fields of literature, arts, and humanities to examine the many forms that cultural and academic relations between France, Qu\u00e9bec, and Canada have taken over the past century.<\/em><\/p>\n\n\n\n<figure class=\"wp-block-pullquote\"><blockquote><p><em>October 11 to 14<\/em><\/p><cite>By <strong>Alexis Charrier <\/strong>and <strong>Alexis Lacasse<\/strong> | In collaboration with the University of Ottawa, University of Victoria, Sorbonne Nouvelle, Universit\u00e9 de Sherbrooke, Universit\u00e9 St-Paul, Biblioth\u00e8que Gaston Miron<\/cite><\/blockquote><\/figure>\n\n\n\n<p><\/p>\n\n\n\n<div class=\"wp-block-buttons is-content-justification-center\">\n<div class=\"wp-block-button\"><a class=\"wp-block-button__link has-primary-rouge-background-color has-background\"><strong>Register Here<\/strong><\/a><\/div>\n<\/div>\n<\/div><\/div>\n\n\n\n<div class=\"wp-block-media-text alignwide has-media-on-the-right is-stacked-on-mobile\" style=\"grid-template-columns:auto 30%\"><figure class=\"wp-block-media-text__media\"><img width=\"300\" height=\"400\" src=\"https:\/\/etudiantscanadiens.org\/app\/uploads\/2025\/12\/visuel-loading.png\" alt=\"\" class=\"wp-image-6278 size-full\" srcset=\"https:\/\/etudiantscanadiens.org\/app\/uploads\/2025\/12\/visuel-loading.png 300w, https:\/\/etudiantscanadiens.org\/app\/uploads\/2025\/12\/visuel-loading-225x300.png 225w\" sizes=\"(max-width: 300px) 100vw, 300px\" \/><\/figure><div class=\"wp-block-media-text__content\">\n<p class=\"has-text-align-center has-large-font-size\" id=\"stone-memory\"><strong>Stone and Memory<\/strong><\/p>\n\n\n\n<p class=\"has-text-align-center has-primary-rouge-color has-text-color has-inter-18-bold-font-size\">EXHIBITION<\/p>\n\n\n\n<p class=\"has-text-align-center\"> Through eight large-format panels, you will discover the physical transformations the MEC has undergone from 1926 to the present day. Beyond the red fa\u00e7ades, cultural events, residents, and visitors, an innovative architecture unfolds beyond the walls.<\/p>\n\n\n\n<figure class=\"wp-block-pullquote\"><blockquote><p><em>Date TBA<\/em><\/p><cite>By <strong>the Canadian House<\/strong> (Alexis Carrier, Jade Roux, Bryan Tan)<\/cite><\/blockquote><\/figure>\n\n\n\n<p><\/p>\n<\/div><\/div>\n\n\n\n<div style=\"height:76px\" aria-hidden=\"true\" class=\"wp-block-spacer\"><\/div>\n\n\n\n<h2 class=\"has-text-align-center\" id=\"november\">November<\/h2>\n\n\n\n<div class=\"wp-block-columns\">\n<div class=\"wp-block-column\">\n<div class=\"wp-block-image\"><figure class=\"alignright size-full is-resized\"><img src=\"https:\/\/etudiantscanadiens.org\/app\/uploads\/2026\/01\/programmation-automne.png\" alt=\"\" class=\"wp-image-6580\" width=\"234\" height=\"175\" srcset=\"https:\/\/etudiantscanadiens.org\/app\/uploads\/2026\/01\/programmation-automne.png 400w, https:\/\/etudiantscanadiens.org\/app\/uploads\/2026\/01\/programmation-automne-300x225.png 300w\" sizes=\"(max-width: 234px) 100vw, 234px\" \/><\/figure><\/div>\n<\/div>\n\n\n\n<div class=\"wp-block-column\">\n<div style=\"height:41px\" aria-hidden=\"true\" class=\"wp-block-spacer\"><\/div>\n\n\n\n<ul class=\"has-inter-18-bold-font-size\"><li><a href=\"#drawings\">Exhibition &#8211; Drawings by Natali Fortier<\/a><\/li><li><a href=\"#cinemec-eng\">Cin\u00e9MEC Festival<\/a><\/li><\/ul>\n\n\n\n<div style=\"height:46px\" aria-hidden=\"true\" class=\"wp-block-spacer\"><\/div>\n<\/div>\n\n\n\n<div class=\"wp-block-column\">\n<figure class=\"wp-block-image size-full is-resized\"><img src=\"https:\/\/etudiantscanadiens.org\/app\/uploads\/2026\/01\/programmation-automne-2.png\" alt=\"\" class=\"wp-image-6582\" width=\"239\" height=\"179\" srcset=\"https:\/\/etudiantscanadiens.org\/app\/uploads\/2026\/01\/programmation-automne-2.png 400w, https:\/\/etudiantscanadiens.org\/app\/uploads\/2026\/01\/programmation-automne-2-300x225.png 300w\" sizes=\"(max-width: 239px) 100vw, 239px\" \/><\/figure>\n<\/div>\n<\/div>\n\n\n\n<div style=\"height:54px\" aria-hidden=\"true\" class=\"wp-block-spacer\"><\/div>\n\n\n\n<div class=\"wp-block-media-text alignwide has-media-on-the-right is-stacked-on-mobile\" style=\"grid-template-columns:auto 30%\"><figure class=\"wp-block-media-text__media\"><img width=\"300\" height=\"400\" src=\"https:\/\/etudiantscanadiens.org\/app\/uploads\/2025\/12\/visuel-loading.png\" alt=\"\" class=\"wp-image-6278 size-full\" srcset=\"https:\/\/etudiantscanadiens.org\/app\/uploads\/2025\/12\/visuel-loading.png 300w, https:\/\/etudiantscanadiens.org\/app\/uploads\/2025\/12\/visuel-loading-225x300.png 225w\" sizes=\"(max-width: 300px) 100vw, 300px\" \/><\/figure><div class=\"wp-block-media-text__content\">\n<p class=\"has-text-align-center has-large-font-size\" id=\"drawings\"><strong>Drawings by Natali Fortier<\/strong><\/p>\n\n\n\n<p class=\"has-text-align-center has-primary-rouge-color has-text-color has-inter-18-bold-font-size\">EXHIBITION<\/p>\n\n\n\n<p class=\"has-text-align-center\"> Illustrator and sculptor Natali Fortier, a former resident and recipient of the Prix Goncourt for Youth, will exhibit a selection of personal drawings during the final period of the year. The works will be chosen for their resonance with the space, in consultation with Normand Biron, who is also the exhibition curator.<\/p>\n\n\n\n<figure class=\"wp-block-pullquote\"><blockquote><p>Opening : <em>November 11<\/em><\/p><p>To January<\/p><cite>By <strong>Natali Fortier <\/strong>(Illustrator, Sculptor, and Former Resident)<\/cite><\/blockquote><\/figure>\n\n\n\n<p><\/p>\n\n\n\n<div class=\"wp-block-buttons is-content-justification-center\">\n<div class=\"wp-block-button\"><a class=\"wp-block-button__link has-primary-rouge-background-color has-background\"><strong>Register Here<\/strong><\/a><\/div>\n<\/div>\n<\/div><\/div>\n\n\n\n<div class=\"wp-block-media-text alignwide is-stacked-on-mobile\" style=\"grid-template-columns:30% auto\"><figure class=\"wp-block-media-text__media\"><img width=\"300\" height=\"400\" src=\"https:\/\/etudiantscanadiens.org\/app\/uploads\/2025\/12\/visuel-loading.png\" alt=\"\" class=\"wp-image-6278 size-full\" srcset=\"https:\/\/etudiantscanadiens.org\/app\/uploads\/2025\/12\/visuel-loading.png 300w, https:\/\/etudiantscanadiens.org\/app\/uploads\/2025\/12\/visuel-loading-225x300.png 225w\" sizes=\"(max-width: 300px) 100vw, 300px\" \/><\/figure><div class=\"wp-block-media-text__content\">\n<p class=\"has-text-align-center has-large-font-size\" id=\"cinemec-eng\"><strong>Cin\u00e9MEC<\/strong><\/p>\n\n\n\n<p class=\"has-text-align-center has-primary-rouge-color has-text-color has-inter-18-bold-font-size\">FESTIVAL<\/p>\n\n\n\n<p class=\"has-text-align-center\">The Cin\u00e9MEC festival offers a full week of screenings celebrating the cinematic creativity that has marked the Maison over the decades. Each evening, a different film \u2014 made at the MEC, inspired by its universe, or created by former or current residents \u2014 highlights the richness of perspectives that have crossed its spaces. Fiction, documentary, experimental, or animation: Cin\u00e9MEC showcases works where collective memory, emerging creativity, and glimpses of life captured within its walls intersect. This festival offers a journey through the Maison\u2019s audiovisual history while revealing the artistic vitality of those who continue to bring its image to life.<\/p>\n\n\n\n<figure class=\"wp-block-pullquote\"><blockquote><p><em>November 23 to 26<\/em><\/p><cite>By the Canadian House<\/cite><\/blockquote><\/figure>\n\n\n\n<p><\/p>\n\n\n\n<div class=\"wp-block-buttons is-content-justification-center\">\n<div class=\"wp-block-button\"><a class=\"wp-block-button__link has-primary-rouge-background-color has-background\"><strong>Register Here<\/strong><\/a><\/div>\n<\/div>\n<\/div><\/div>\n\n\n\n<div style=\"height:69px\" aria-hidden=\"true\" class=\"wp-block-spacer\"><\/div>\n\n\n\n<h2 class=\"has-text-align-center\" id=\"december\">December<\/h2>\n\n\n\n<div class=\"wp-block-columns\">\n<div class=\"wp-block-column\">\n<div class=\"wp-block-image\"><figure class=\"alignright size-full is-resized\"><img src=\"https:\/\/etudiantscanadiens.org\/app\/uploads\/2026\/01\/programmation-automne.png\" alt=\"\" class=\"wp-image-6580\" width=\"247\" height=\"182\"\/><\/figure><\/div>\n<\/div>\n\n\n\n<div class=\"wp-block-column\">\n<div style=\"height:58px\" aria-hidden=\"true\" class=\"wp-block-spacer\"><\/div>\n\n\n\n<p class=\"has-text-align-center\">Upcoming Programming.<\/p>\n\n\n\n<div style=\"height:58px\" aria-hidden=\"true\" class=\"wp-block-spacer\"><\/div>\n<\/div>\n\n\n\n<div class=\"wp-block-column\">\n<figure class=\"wp-block-image size-full is-resized\"><img src=\"https:\/\/etudiantscanadiens.org\/app\/uploads\/2026\/01\/programmation-automne-2.png\" alt=\"\" class=\"wp-image-6582\" width=\"259\" height=\"194\" srcset=\"https:\/\/etudiantscanadiens.org\/app\/uploads\/2026\/01\/programmation-automne-2.png 400w, https:\/\/etudiantscanadiens.org\/app\/uploads\/2026\/01\/programmation-automne-2-300x225.png 300w\" sizes=\"(max-width: 259px) 100vw, 259px\" \/><\/figure>\n<\/div>\n<\/div>\n\n\n\n<div style=\"height:50px\" aria-hidden=\"true\" class=\"wp-block-spacer\"><\/div>\n\n\n\n<div style=\"height:100px\" aria-hidden=\"true\" class=\"wp-block-spacer\"><\/div>\n\n\n\n<hr class=\"wp-block-separator has-text-color has-background has-primary-rouge-background-color has-primary-rouge-color is-style-wide\"\/>\n\n\n\n<div style=\"height:100px\" aria-hidden=\"true\" class=\"wp-block-spacer\"><\/div>\n\n\n\n<div class=\"wp-block-cover has-background-dim\" style=\"min-height:324px\"><img width=\"768\" height=\"512\" class=\"wp-block-cover__image-background wp-image-6154\" alt=\"\" src=\"https:\/\/etudiantscanadiens.org\/app\/uploads\/2025\/12\/images-actualites-768-x-512-px-3.png\" data-object-fit=\"cover\" srcset=\"https:\/\/etudiantscanadiens.org\/app\/uploads\/2025\/12\/images-actualites-768-x-512-px-3.png 768w, https:\/\/etudiantscanadiens.org\/app\/uploads\/2025\/12\/images-actualites-768-x-512-px-3-300x200.png 300w\" sizes=\"(max-width: 768px) 100vw, 768px\" \/><div class=\"wp-block-cover__inner-container\">\n<h1 class=\"has-text-align-center\" id=\"centenary-news\">Centenary News<\/h1>\n<\/div><\/div>\n\n\n\n<div style=\"height:68px\" aria-hidden=\"true\" class=\"wp-block-spacer\"><\/div>\n\n\n<ul class=\"wp-block-latest-posts__list is-grid columns-3 has-dates aligncenter wp-block-latest-posts\"><li><div class=\"wp-block-latest-posts__featured-image aligncenter\"><a href=\"https:\/\/etudiantscanadiens.org\/en\/a-spectacular-launch-for-the-centennial\/\"><img src=\"https:\/\/etudiantscanadiens.org\/app\/uploads\/2026\/02\/84-300x225.jpg\" class=\"attachment-medium size-medium wp-post-image\" alt=\"\" style=\"\" srcset=\"https:\/\/etudiantscanadiens.org\/app\/uploads\/2026\/02\/84-300x225.jpg 300w, https:\/\/etudiantscanadiens.org\/app\/uploads\/2026\/02\/84.jpg 400w\" sizes=\"(max-width: 300px) 100vw, 300px\" \/><\/a><\/div><a href=\"https:\/\/etudiantscanadiens.org\/en\/a-spectacular-launch-for-the-centennial\/\">A Spectacular Launch for the Centennial<\/a><time datetime=\"2026-02-26T17:04:12+00:00\" class=\"wp-block-latest-posts__post-date\">26 February 2026<\/time><div class=\"wp-block-latest-posts__post-excerpt\">On January 30, the Maison des \u00e9tudiants canadiens (MEC) kicked off the celebrations marking this milestone year in its history. To launch the MEC\u2019s 100th anniversary, we rolled out the red carpet for no fewer than 187 distinguished guests, residents, friends, and colleagues. Everyone wore their finest attire, transporting us back to 1926 : the [&hellip;]<\/div><\/li>\n<li><div class=\"wp-block-latest-posts__featured-image aligncenter\"><a href=\"https:\/\/etudiantscanadiens.org\/en\/the-mec-shines-overseas\/\"><img src=\"https:\/\/etudiantscanadiens.org\/app\/uploads\/2026\/01\/23-300x200.jpg\" class=\"attachment-medium size-medium wp-post-image\" alt=\"\" style=\"\" srcset=\"https:\/\/etudiantscanadiens.org\/app\/uploads\/2026\/01\/23-300x200.jpg 300w, https:\/\/etudiantscanadiens.org\/app\/uploads\/2026\/01\/23.jpg 768w\" sizes=\"(max-width: 300px) 100vw, 300px\" \/><\/a><\/div><a href=\"https:\/\/etudiantscanadiens.org\/en\/the-mec-shines-overseas\/\">The MEC Shines Overseas<\/a><time datetime=\"2026-01-06T19:35:56+00:00\" class=\"wp-block-latest-posts__post-date\">6 January 2026<\/time><div class=\"wp-block-latest-posts__post-excerpt\">What a joy for the MEC to be featured in a recent Toronto Star article! Journalist Allan Woods spoke with Maxime Poignand (Special Projects Officer for the centenary), France Mainville (Director of the MEC), as well as Aim\u00e9 Saldia and Danielle Louzado (two of our residents pursuing a master\u2019s at Sciences Po), to write this [&hellip;]<\/div><\/li>\n<li><div class=\"wp-block-latest-posts__featured-image aligncenter\"><a href=\"https:\/\/etudiantscanadiens.org\/en\/tracing-our-history-maxime-and-bryan-on-a-mission-in-canada\/\"><img src=\"https:\/\/etudiantscanadiens.org\/app\/uploads\/2025\/12\/37-300x200.jpg\" class=\"attachment-medium size-medium wp-post-image\" alt=\"\" style=\"\" srcset=\"https:\/\/etudiantscanadiens.org\/app\/uploads\/2025\/12\/37-300x200.jpg 300w, https:\/\/etudiantscanadiens.org\/app\/uploads\/2025\/12\/37.jpg 768w\" sizes=\"(max-width: 300px) 100vw, 300px\" \/><\/a><\/div><a href=\"https:\/\/etudiantscanadiens.org\/en\/tracing-our-history-maxime-and-bryan-on-a-mission-in-canada\/\">Tracing Our History: Maxime and Bryan on a Mission in Canada<\/a><time datetime=\"2025-12-10T18:52:01+00:00\" class=\"wp-block-latest-posts__post-date\">10 December 2025<\/time><div class=\"wp-block-latest-posts__post-excerpt\">October 24 to November 8, 2025 People who have lived, worked, or crossed paths with the Maison des \u00e9tudiants canadiens write its History through their presence, their participation, and their experiences. It is their testimonies and the memories they carry that shape the identity of our home\u2014familial, empathetic, and creative. It was therefore essential to [&hellip;]<\/div><\/li>\n<\/ul>\n\n\n<div class=\"wp-block-buttons is-content-justification-center\">\n<div class=\"wp-block-button has-custom-font-size has-inter-18-bold-font-size\"><a class=\"wp-block-button__link has-primary-rouge-background-color has-background\" href=\"https:\/\/etudiantscanadiens.org\/actualites\/\"><strong>All News<\/strong><\/a><\/div>\n<\/div>\n","protected":false},"excerpt":{"rendered":"<p>Discover Our Story Over the Past 100 Years, There Have Been \u2026 Canadian Ambassador\u2019s Speech His Excellency Mr. St\u00e9phane Dion, Canadian Ambassador to France and President of the National Foundation, offers a few words about the House and this milestone centenary celebration : Our Key Projects A Rich and Dynamic Cultural Program to Celebrate This [&hellip;]<\/p>\n","protected":false},"author":3,"featured_media":0,"parent":0,"menu_order":0,"comment_status":"closed","ping_status":"closed","template":"","meta":[],"yoast_head":"<!-- This site is optimized with the Yoast SEO plugin v17.1 - https:\/\/yoast.com\/wordpress\/plugins\/seo\/ -->\n<title>100th - MEC<\/title>\n<meta name=\"robots\" content=\"index, follow, max-snippet:-1, max-image-preview:large, max-video-preview:-1\" \/>\n<link rel=\"canonical\" href=\"https:\/\/etudiantscanadiens.org\/en\/centenary\/\" \/>\n<meta property=\"og:locale\" content=\"en_US\" \/>\n<meta property=\"og:type\" content=\"article\" \/>\n<meta property=\"og:title\" content=\"100th - MEC\" \/>\n<meta property=\"og:description\" content=\"Discover Our Story Over the Past 100 Years, There Have Been \u2026 Canadian Ambassador\u2019s Speech His Excellency Mr. St\u00e9phane Dion, Canadian Ambassador to France and President of the National Foundation, offers a few words about the House and this milestone centenary celebration : Our Key Projects A Rich and Dynamic Cultural Program to Celebrate This [&hellip;]\" \/>\n<meta property=\"og:url\" content=\"https:\/\/etudiantscanadiens.org\/en\/centenary\/\" \/>\n<meta property=\"og:site_name\" content=\"MEC\" \/>\n<meta property=\"article:modified_time\" content=\"2026-03-30T17:44:27+00:00\" \/>\n<meta property=\"og:image\" content=\"https:\/\/etudiantscanadiens.org\/app\/uploads\/2026\/01\/header-en-multi.png\" \/>\n<meta name=\"twitter:card\" content=\"summary_large_image\" \/>\n<meta name=\"twitter:label1\" content=\"Est. reading time\" \/>\n\t<meta name=\"twitter:data1\" content=\"22 minutes\" \/>\n<script type=\"application\/ld+json\" class=\"yoast-schema-graph\">{\"@context\":\"https:\/\/schema.org\",\"@graph\":[{\"@type\":\"WebSite\",\"@id\":\"https:\/\/etudiantscanadiens.org\/#website\",\"url\":\"https:\/\/etudiantscanadiens.org\/\",\"name\":\"Webit Starter\",\"description\":\"Maison des \\u00e9tudiants Canadiens\",\"potentialAction\":[{\"@type\":\"SearchAction\",\"target\":{\"@type\":\"EntryPoint\",\"urlTemplate\":\"https:\/\/etudiantscanadiens.org\/?s={search_term_string}\"},\"query-input\":\"required name=search_term_string\"}],\"inLanguage\":\"en-US\"},{\"@type\":\"ImageObject\",\"@id\":\"https:\/\/etudiantscanadiens.org\/en\/centenary\/#primaryimage\",\"inLanguage\":\"en-US\",\"url\":\"https:\/\/etudiantscanadiens.org\/app\/uploads\/2026\/01\/header-en-multi.png\",\"contentUrl\":\"https:\/\/etudiantscanadiens.org\/app\/uploads\/2026\/01\/header-en-multi.png\"},{\"@type\":\"WebPage\",\"@id\":\"https:\/\/etudiantscanadiens.org\/en\/centenary\/#webpage\",\"url\":\"https:\/\/etudiantscanadiens.org\/en\/centenary\/\",\"name\":\"100th - MEC\",\"isPartOf\":{\"@id\":\"https:\/\/etudiantscanadiens.org\/#website\"},\"primaryImageOfPage\":{\"@id\":\"https:\/\/etudiantscanadiens.org\/en\/centenary\/#primaryimage\"},\"datePublished\":\"2026-01-30T14:57:38+00:00\",\"dateModified\":\"2026-03-30T17:44:27+00:00\",\"breadcrumb\":{\"@id\":\"https:\/\/etudiantscanadiens.org\/en\/centenary\/#breadcrumb\"},\"inLanguage\":\"en-US\",\"potentialAction\":[{\"@type\":\"ReadAction\",\"target\":[\"https:\/\/etudiantscanadiens.org\/en\/centenary\/\"]}]},{\"@type\":\"BreadcrumbList\",\"@id\":\"https:\/\/etudiantscanadiens.org\/en\/centenary\/#breadcrumb\",\"itemListElement\":[{\"@type\":\"ListItem\",\"position\":1,\"name\":\"Accueil\",\"item\":\"https:\/\/etudiantscanadiens.org\/en\/\"},{\"@type\":\"ListItem\",\"position\":2,\"name\":\"100th\"}]}]}<\/script>\n<!-- \/ Yoast SEO plugin. -->","yoast_head_json":{"title":"100th - MEC","robots":{"index":"index","follow":"follow","max-snippet":"max-snippet:-1","max-image-preview":"max-image-preview:large","max-video-preview":"max-video-preview:-1"},"canonical":"https:\/\/etudiantscanadiens.org\/en\/centenary\/","og_locale":"en_US","og_type":"article","og_title":"100th - MEC","og_description":"Discover Our Story Over the Past 100 Years, There Have Been \u2026 Canadian Ambassador\u2019s Speech His Excellency Mr. St\u00e9phane Dion, Canadian Ambassador to France and President of the National Foundation, offers a few words about the House and this milestone centenary celebration : Our Key Projects A Rich and Dynamic Cultural Program to Celebrate This [&hellip;]","og_url":"https:\/\/etudiantscanadiens.org\/en\/centenary\/","og_site_name":"MEC","article_modified_time":"2026-03-30T17:44:27+00:00","og_image":[{"url":"https:\/\/etudiantscanadiens.org\/app\/uploads\/2026\/01\/header-en-multi.png"}],"twitter_card":"summary_large_image","twitter_misc":{"Est. reading time":"22 minutes"},"schema":{"@context":"https:\/\/schema.org","@graph":[{"@type":"WebSite","@id":"https:\/\/etudiantscanadiens.org\/#website","url":"https:\/\/etudiantscanadiens.org\/","name":"Webit Starter","description":"Maison des \u00e9tudiants Canadiens","potentialAction":[{"@type":"SearchAction","target":{"@type":"EntryPoint","urlTemplate":"https:\/\/etudiantscanadiens.org\/?s={search_term_string}"},"query-input":"required name=search_term_string"}],"inLanguage":"en-US"},{"@type":"ImageObject","@id":"https:\/\/etudiantscanadiens.org\/en\/centenary\/#primaryimage","inLanguage":"en-US","url":"https:\/\/etudiantscanadiens.org\/app\/uploads\/2026\/01\/header-en-multi.png","contentUrl":"https:\/\/etudiantscanadiens.org\/app\/uploads\/2026\/01\/header-en-multi.png"},{"@type":"WebPage","@id":"https:\/\/etudiantscanadiens.org\/en\/centenary\/#webpage","url":"https:\/\/etudiantscanadiens.org\/en\/centenary\/","name":"100th - MEC","isPartOf":{"@id":"https:\/\/etudiantscanadiens.org\/#website"},"primaryImageOfPage":{"@id":"https:\/\/etudiantscanadiens.org\/en\/centenary\/#primaryimage"},"datePublished":"2026-01-30T14:57:38+00:00","dateModified":"2026-03-30T17:44:27+00:00","breadcrumb":{"@id":"https:\/\/etudiantscanadiens.org\/en\/centenary\/#breadcrumb"},"inLanguage":"en-US","potentialAction":[{"@type":"ReadAction","target":["https:\/\/etudiantscanadiens.org\/en\/centenary\/"]}]},{"@type":"BreadcrumbList","@id":"https:\/\/etudiantscanadiens.org\/en\/centenary\/#breadcrumb","itemListElement":[{"@type":"ListItem","position":1,"name":"Accueil","item":"https:\/\/etudiantscanadiens.org\/en\/"},{"@type":"ListItem","position":2,"name":"100th"}]}]}},"_links":{"self":[{"href":"https:\/\/etudiantscanadiens.org\/en\/wp-json\/wp\/v2\/pages\/6383"}],"collection":[{"href":"https:\/\/etudiantscanadiens.org\/en\/wp-json\/wp\/v2\/pages"}],"about":[{"href":"https:\/\/etudiantscanadiens.org\/en\/wp-json\/wp\/v2\/types\/page"}],"author":[{"embeddable":true,"href":"https:\/\/etudiantscanadiens.org\/en\/wp-json\/wp\/v2\/users\/3"}],"replies":[{"embeddable":true,"href":"https:\/\/etudiantscanadiens.org\/en\/wp-json\/wp\/v2\/comments?post=6383"}],"version-history":[{"count":55,"href":"https:\/\/etudiantscanadiens.org\/en\/wp-json\/wp\/v2\/pages\/6383\/revisions"}],"predecessor-version":[{"id":6919,"href":"https:\/\/etudiantscanadiens.org\/en\/wp-json\/wp\/v2\/pages\/6383\/revisions\/6919"}],"wp:attachment":[{"href":"https:\/\/etudiantscanadiens.org\/en\/wp-json\/wp\/v2\/media?parent=6383"}],"curies":[{"name":"wp","href":"https:\/\/api.w.org\/{rel}","templated":true}]}}